{"id":4367,"date":"2021-08-20T18:44:58","date_gmt":"2021-08-20T16:44:58","guid":{"rendered":"https:\/\/xaviforcadell.com\/presentacions\/"},"modified":"2022-09-05T19:32:06","modified_gmt":"2022-09-05T17:32:06","slug":"presentaciones","status":"publish","type":"page","link":"https:\/\/xaviforcadell.com\/es\/presentaciones\/","title":{"rendered":"Presentaciones"},"content":{"rendered":"\t\t<div data-elementor-type=\"wp-page\" data-elementor-id=\"4367\" class=\"elementor elementor-4367 elementor-4229\" data-elementor-post-type=\"page\">\n\t\t\t\t\t\t<section class=\"elementor-section elementor-top-section elementor-element elementor-element-be42663 elementor-section-boxed elementor-section-height-default elementor-section-height-default\" data-id=\"be42663\" data-element_type=\"section\">\n\t\t\t\t\t\t<div class=\"elementor-container elementor-column-gap-default\">\n\t\t\t\t\t<div class=\"elementor-column elementor-col-100 elementor-top-column elementor-element elementor-element-8a32625\" data-id=\"8a32625\" data-element_type=\"column\">\n\t\t\t<div class=\"elementor-widget-wrap elementor-element-populated\">\n\t\t\t\t\t\t<div class=\"elementor-element elementor-element-d3fba2c elementor-widget elementor-widget-text-editor\" data-id=\"d3fba2c\" data-element_type=\"widget\" data-widget_type=\"text-editor.default\">\n\t\t\t\t<div class=\"elementor-widget-container\">\n\t\t\t\t\t\t\t\t\t<p>Ver el <em><strong>bue recibimiento <\/strong><\/em>que est\u00e1 teniendo el cuento el Cranc Juganer nos hace <em><strong>muy felices!<\/strong><\/em> Y poder compartir con vosotros este tesoro creado con toda la ilusi\u00f3n, es una <em><strong>alegr\u00eda m\u00e1xima!<\/strong><\/em><\/p>\n<p>A continuaci\u00f3, us compartim aquest <em><strong>viatge<\/strong><\/em> que estem fent <strong><em>plegats<\/em><\/strong>.<\/p>\n<p><strong>Si esteu interessats<\/strong> en que realitzem en el vostre centre educatiu, llibreria, biblioteca, entitat cultural, la presentaci\u00f3 del conte, el contacontes, la confer\u00e8ncia sobre el conte infantil o qualsevol altra proposta que cregueu oport\u00fa, <strong><em>estarem encantats<\/em><\/strong> en poder venir a viure la <strong>M\u00e0gia del Conte Infantil!<\/strong><\/p>\n<p>Podeu enviar-nos un correu a <strong><em>info@xaviforcadell.com<\/em><\/strong> amb la vostra proposta.<\/p>\n\t\t\t\t\t\t\t\t<\/div>\n\t\t\t\t<\/div>\n\t\t\t\t\t<\/div>\n\t\t<\/div>\n\t\t\t\t\t<\/div>\n\t\t<\/section>\n\t\t\t\t<section class=\"elementor-section elementor-top-section elementor-element elementor-element-9e6c462 elementor-section-boxed elementor-section-height-default elementor-section-height-default\" data-id=\"9e6c462\" data-element_type=\"section\">\n\t\t\t\t\t\t<div class=\"elementor-container elementor-column-gap-default\">\n\t\t\t\t\t<div class=\"elementor-column elementor-col-100 elementor-top-column elementor-element elementor-element-d26e1b6\" data-id=\"d26e1b6\" data-element_type=\"column\">\n\t\t\t<div class=\"elementor-widget-wrap elementor-element-populated\">\n\t\t\t\t\t\t<div class=\"elementor-element elementor-element-dc98695 elementor-align-center elementor-widget elementor-widget-button\" data-id=\"dc98695\" data-element_type=\"widget\" data-widget_type=\"button.default\">\n\t\t\t\t<div class=\"elementor-widget-container\">\n\t\t\t\t\t\t\t\t\t<div class=\"elementor-button-wrapper\">\n\t\t\t\t\t<a class=\"elementor-button elementor-button-link elementor-size-lg\" href=\"https:\/\/xaviforcadell.com\/es\/contacto\/\">\n\t\t\t\t\t\t<span class=\"elementor-button-content-wrapper\">\n\t\t\t\t\t\t\t\t\t<span class=\"elementor-button-text\">envianos tu propuesta<\/span>\n\t\t\t\t\t<\/span>\n\t\t\t\t\t<\/a>\n\t\t\t\t<\/div>\n\t\t\t\t\t\t\t\t<\/div>\n\t\t\t\t<\/div>\n\t\t\t\t\t<\/div>\n\t\t<\/div>\n\t\t\t\t\t<\/div>\n\t\t<\/section>\n\t\t\t\t<section class=\"elementor-section elementor-top-section elementor-element elementor-element-345d364 elementor-section-boxed elementor-section-height-default elementor-section-height-default\" data-id=\"345d364\" data-element_type=\"section\">\n\t\t\t\t\t\t<div class=\"elementor-container elementor-column-gap-default\">\n\t\t\t\t\t<div class=\"elementor-column elementor-col-100 elementor-top-column elementor-element elementor-element-d595fb5\" data-id=\"d595fb5\" data-element_type=\"column\">\n\t\t\t<div class=\"elementor-widget-wrap elementor-element-populated\">\n\t\t\t\t\t\t<div class=\"elementor-element elementor-element-4d27cb5 elementor-widget elementor-widget-heading\" data-id=\"4d27cb5\" data-element_type=\"widget\" data-widget_type=\"heading.default\">\n\t\t\t\t<div class=\"elementor-widget-container\">\n\t\t\t\t\t<h1 class=\"elementor-heading-title elementor-size-default\">Pr\u00f3ximamente<\/h1>\t\t\t\t<\/div>\n\t\t\t\t<\/div>\n\t\t\t\t\t<\/div>\n\t\t<\/div>\n\t\t\t\t\t<\/div>\n\t\t<\/section>\n\t\t\t\t<section class=\"elementor-section elementor-top-section elementor-element elementor-element-cc613ea elementor-section-boxed elementor-section-height-default elementor-section-height-default\" data-id=\"cc613ea\" data-element_type=\"section\">\n\t\t\t\t\t\t<div class=\"elementor-container elementor-column-gap-default\">\n\t\t\t\t\t<div class=\"elementor-column elementor-col-50 elementor-top-column elementor-element elementor-element-e1cf3ec\" data-id=\"e1cf3ec\" data-element_type=\"column\">\n\t\t\t<div class=\"elementor-widget-wrap\">\n\t\t\t\t\t\t\t<\/div>\n\t\t<\/div>\n\t\t\t\t<div class=\"elementor-column elementor-col-50 elementor-top-column elementor-element elementor-element-ab20007\" data-id=\"ab20007\" data-element_type=\"column\">\n\t\t\t<div class=\"elementor-widget-wrap\">\n\t\t\t\t\t\t\t<\/div>\n\t\t<\/div>\n\t\t\t\t\t<\/div>\n\t\t<\/section>\n\t\t\t\t<section class=\"elementor-section elementor-top-section elementor-element elementor-element-b56251f elementor-section-boxed elementor-section-height-default elementor-section-height-default\" data-id=\"b56251f\" data-element_type=\"section\">\n\t\t\t\t\t\t<div class=\"elementor-container elementor-column-gap-default\">\n\t\t\t\t\t<div class=\"elementor-column elementor-col-100 elementor-top-column elementor-element elementor-element-c9bd0cf\" data-id=\"c9bd0cf\" data-element_type=\"column\">\n\t\t\t<div class=\"elementor-widget-wrap elementor-element-populated\">\n\t\t\t\t\t\t<div class=\"elementor-element elementor-element-14737ca elementor-widget elementor-widget-heading\" data-id=\"14737ca\" data-element_type=\"widget\" data-widget_type=\"heading.default\">\n\t\t\t\t<div class=\"elementor-widget-container\">\n\t\t\t\t\t<h1 class=\"elementor-heading-title elementor-size-default\">Las aventuras vividas<\/h1>\t\t\t\t<\/div>\n\t\t\t\t<\/div>\n\t\t\t\t\t<\/div>\n\t\t<\/div>\n\t\t\t\t\t<\/div>\n\t\t<\/section>\n\t\t\t\t<section class=\"elementor-section elementor-top-section elementor-element elementor-element-2767c68 elementor-section-boxed elementor-section-height-default elementor-section-height-default\" data-id=\"2767c68\" data-element_type=\"section\">\n\t\t\t\t\t\t<div class=\"elementor-container elementor-column-gap-default\">\n\t\t\t\t\t<div class=\"elementor-column elementor-col-33 elementor-top-column elementor-element elementor-element-1ef5690\" data-id=\"1ef5690\" data-element_type=\"column\">\n\t\t\t<div class=\"elementor-widget-wrap elementor-element-populated\">\n\t\t\t\t\t\t<div class=\"elementor-element elementor-element-52162b0 elementor-widget elementor-widget-image\" data-id=\"52162b0\" data-element_type=\"widget\" data-widget_type=\"image.default\">\n\t\t\t\t<div class=\"elementor-widget-container\">\n\t\t\t\t\t\t\t\t\t\t\t\t\t\t\t<img fetchpriority=\"high\" decoding=\"async\" width=\"768\" height=\"768\" src=\"https:\/\/xaviforcadell.com\/wp-content\/uploads\/2021\/09\/108696006_10160175326679535_5990785941800364937_n-768x768.jpg\" class=\"attachment-medium_large size-medium_large wp-image-5223\" alt=\"\" srcset=\"https:\/\/xaviforcadell.com\/wp-content\/uploads\/2021\/09\/108696006_10160175326679535_5990785941800364937_n-768x768.jpg 768w, https:\/\/xaviforcadell.com\/wp-content\/uploads\/2021\/09\/108696006_10160175326679535_5990785941800364937_n-300x300.jpg 300w, https:\/\/xaviforcadell.com\/wp-content\/uploads\/2021\/09\/108696006_10160175326679535_5990785941800364937_n-100x100.jpg 100w, https:\/\/xaviforcadell.com\/wp-content\/uploads\/2021\/09\/108696006_10160175326679535_5990785941800364937_n-600x600.jpg 600w, https:\/\/xaviforcadell.com\/wp-content\/uploads\/2021\/09\/108696006_10160175326679535_5990785941800364937_n-150x150.jpg 150w, https:\/\/xaviforcadell.com\/wp-content\/uploads\/2021\/09\/108696006_10160175326679535_5990785941800364937_n.jpg 960w\" sizes=\"(max-width: 768px) 100vw, 768px\" \/>\t\t\t\t\t\t\t\t\t\t\t\t\t\t\t<\/div>\n\t\t\t\t<\/div>\n\t\t\t\t<div class=\"elementor-element elementor-element-96223a9 elementor-widget elementor-widget-text-editor\" data-id=\"96223a9\" data-element_type=\"widget\" data-widget_type=\"text-editor.default\">\n\t\t\t\t<div class=\"elementor-widget-container\">\n\t\t\t\t\t\t\t\t\t<p style=\"text-align: center;\">Espect\u00e1culo Multidisciplinar de Presentaci\u00f3n de libros, Manresa<\/p>\n\t\t\t\t\t\t\t\t<\/div>\n\t\t\t\t<\/div>\n\t\t\t\t\t<\/div>\n\t\t<\/div>\n\t\t\t\t<div class=\"elementor-column elementor-col-33 elementor-top-column elementor-element elementor-element-8f78360\" data-id=\"8f78360\" data-element_type=\"column\">\n\t\t\t<div class=\"elementor-widget-wrap elementor-element-populated\">\n\t\t\t\t\t\t<div class=\"elementor-element elementor-element-c6aca36 elementor-widget elementor-widget-image\" data-id=\"c6aca36\" data-element_type=\"widget\" data-widget_type=\"image.default\">\n\t\t\t\t<div class=\"elementor-widget-container\">\n\t\t\t\t\t\t\t\t\t\t\t\t\t\t\t<img decoding=\"async\" width=\"768\" height=\"768\" src=\"https:\/\/xaviforcadell.com\/wp-content\/uploads\/2021\/08\/Sant-Jordi-Terres-de-lEbre-768x768.jpg\" class=\"attachment-medium_large size-medium_large wp-image-4476\" alt=\"Sant Jordi Terres de l&#039;Ebre\" srcset=\"https:\/\/xaviforcadell.com\/wp-content\/uploads\/2021\/08\/Sant-Jordi-Terres-de-lEbre-768x768.jpg 768w, https:\/\/xaviforcadell.com\/wp-content\/uploads\/2021\/08\/Sant-Jordi-Terres-de-lEbre-300x300.jpg 300w, https:\/\/xaviforcadell.com\/wp-content\/uploads\/2021\/08\/Sant-Jordi-Terres-de-lEbre-100x100.jpg 100w, https:\/\/xaviforcadell.com\/wp-content\/uploads\/2021\/08\/Sant-Jordi-Terres-de-lEbre-600x600.jpg 600w, https:\/\/xaviforcadell.com\/wp-content\/uploads\/2021\/08\/Sant-Jordi-Terres-de-lEbre-1024x1024.jpg 1024w, https:\/\/xaviforcadell.com\/wp-content\/uploads\/2021\/08\/Sant-Jordi-Terres-de-lEbre-150x150.jpg 150w, https:\/\/xaviforcadell.com\/wp-content\/uploads\/2021\/08\/Sant-Jordi-Terres-de-lEbre.jpg 1080w\" sizes=\"(max-width: 768px) 100vw, 768px\" \/>\t\t\t\t\t\t\t\t\t\t\t\t\t\t\t<\/div>\n\t\t\t\t<\/div>\n\t\t\t\t<div class=\"elementor-element elementor-element-6e6b900 elementor-widget elementor-widget-text-editor\" data-id=\"6e6b900\" data-element_type=\"widget\" data-widget_type=\"text-editor.default\">\n\t\t\t\t<div class=\"elementor-widget-container\">\n\t\t\t\t\t\t\t\t\t<p style=\"text-align: center;\">Sant Jordi de Verano 2020, Tortosa y Amposta (Terres de l&#8217;Ebre)<\/p>\n\t\t\t\t\t\t\t\t<\/div>\n\t\t\t\t<\/div>\n\t\t\t\t\t<\/div>\n\t\t<\/div>\n\t\t\t\t<div class=\"elementor-column elementor-col-33 elementor-top-column elementor-element elementor-element-91c4baa\" data-id=\"91c4baa\" data-element_type=\"column\">\n\t\t\t<div class=\"elementor-widget-wrap elementor-element-populated\">\n\t\t\t\t\t\t<div class=\"elementor-element elementor-element-3d3f871 elementor-widget elementor-widget-image\" data-id=\"3d3f871\" data-element_type=\"widget\" data-widget_type=\"image.default\">\n\t\t\t\t<div class=\"elementor-widget-container\">\n\t\t\t\t\t\t\t\t\t\t\t\t\t\t\t<img decoding=\"async\" width=\"768\" height=\"764\" src=\"https:\/\/xaviforcadell.com\/wp-content\/uploads\/2021\/08\/Presentacio-Llibreria-Insulaliteraria-de-Palma-768x764.png\" class=\"attachment-medium_large size-medium_large wp-image-4354\" alt=\"Presentaci\u00f3n Llibreria Insulaliteraria de Palma\" srcset=\"https:\/\/xaviforcadell.com\/wp-content\/uploads\/2021\/08\/Presentacio-Llibreria-Insulaliteraria-de-Palma-768x764.png 768w, https:\/\/xaviforcadell.com\/wp-content\/uploads\/2021\/08\/Presentacio-Llibreria-Insulaliteraria-de-Palma-100x100.png 100w, https:\/\/xaviforcadell.com\/wp-content\/uploads\/2021\/08\/Presentacio-Llibreria-Insulaliteraria-de-Palma-600x597.png 600w, https:\/\/xaviforcadell.com\/wp-content\/uploads\/2021\/08\/Presentacio-Llibreria-Insulaliteraria-de-Palma-1024x1019.png 1024w, https:\/\/xaviforcadell.com\/wp-content\/uploads\/2021\/08\/Presentacio-Llibreria-Insulaliteraria-de-Palma-150x150.png 150w, https:\/\/xaviforcadell.com\/wp-content\/uploads\/2021\/08\/Presentacio-Llibreria-Insulaliteraria-de-Palma-301x300.png 301w, https:\/\/xaviforcadell.com\/wp-content\/uploads\/2021\/08\/Presentacio-Llibreria-Insulaliteraria-de-Palma.png 1296w\" sizes=\"(max-width: 768px) 100vw, 768px\" \/>\t\t\t\t\t\t\t\t\t\t\t\t\t\t\t<\/div>\n\t\t\t\t<\/div>\n\t\t\t\t<div class=\"elementor-element elementor-element-7c444fd elementor-widget elementor-widget-text-editor\" data-id=\"7c444fd\" data-element_type=\"widget\" data-widget_type=\"text-editor.default\">\n\t\t\t\t<div class=\"elementor-widget-container\">\n\t\t\t\t\t\t\t\t\t<p style=\"text-align: center;\">Presentaci\u00f3n y Charla Llibreria \u00cdnsula Liter\u00e0ria, Palma de Mallorca<\/p>\n\t\t\t\t\t\t\t\t<\/div>\n\t\t\t\t<\/div>\n\t\t\t\t\t<\/div>\n\t\t<\/div>\n\t\t\t\t\t<\/div>\n\t\t<\/section>\n\t\t\t\t<section class=\"elementor-section elementor-top-section elementor-element elementor-element-8290976 elementor-section-boxed elementor-section-height-default elementor-section-height-default\" data-id=\"8290976\" data-element_type=\"section\">\n\t\t\t\t\t\t<div class=\"elementor-container elementor-column-gap-default\">\n\t\t\t\t\t<div class=\"elementor-column elementor-col-33 elementor-top-column elementor-element elementor-element-91b562b\" data-id=\"91b562b\" data-element_type=\"column\">\n\t\t\t<div class=\"elementor-widget-wrap elementor-element-populated\">\n\t\t\t\t\t\t<div class=\"elementor-element elementor-element-aa12f6f elementor-widget elementor-widget-image\" data-id=\"aa12f6f\" data-element_type=\"widget\" data-widget_type=\"image.default\">\n\t\t\t\t<div class=\"elementor-widget-container\">\n\t\t\t\t\t\t\t\t\t\t\t\t\t\t\t<img loading=\"lazy\" decoding=\"async\" width=\"768\" height=\"1093\" src=\"https:\/\/xaviforcadell.com\/wp-content\/uploads\/2021\/08\/Presentacio-Biblioteca-Publica-_Can-Sales_-de-Palma-768x1093.png\" class=\"attachment-medium_large size-medium_large wp-image-4356\" alt=\"Presentaci\u00f3n Biblioteca P\u00fablica _Can Sales_ de Palma\" srcset=\"https:\/\/xaviforcadell.com\/wp-content\/uploads\/2021\/08\/Presentacio-Biblioteca-Publica-_Can-Sales_-de-Palma-768x1093.png 768w, https:\/\/xaviforcadell.com\/wp-content\/uploads\/2021\/08\/Presentacio-Biblioteca-Publica-_Can-Sales_-de-Palma-600x854.png 600w, https:\/\/xaviforcadell.com\/wp-content\/uploads\/2021\/08\/Presentacio-Biblioteca-Publica-_Can-Sales_-de-Palma-211x300.png 211w, https:\/\/xaviforcadell.com\/wp-content\/uploads\/2021\/08\/Presentacio-Biblioteca-Publica-_Can-Sales_-de-Palma-719x1024.png 719w, https:\/\/xaviforcadell.com\/wp-content\/uploads\/2021\/08\/Presentacio-Biblioteca-Publica-_Can-Sales_-de-Palma-1079x1536.png 1079w, https:\/\/xaviforcadell.com\/wp-content\/uploads\/2021\/08\/Presentacio-Biblioteca-Publica-_Can-Sales_-de-Palma.png 1298w\" sizes=\"(max-width: 768px) 100vw, 768px\" \/>\t\t\t\t\t\t\t\t\t\t\t\t\t\t\t<\/div>\n\t\t\t\t<\/div>\n\t\t\t\t<div class=\"elementor-element elementor-element-8d40bf4 elementor-widget elementor-widget-text-editor\" data-id=\"8d40bf4\" data-element_type=\"widget\" data-widget_type=\"text-editor.default\">\n\t\t\t\t<div class=\"elementor-widget-container\">\n\t\t\t\t\t\t\t\t\t<p style=\"text-align: center;\">Presentaci\u00f3n en la Biblioteca P\u00fablica de Palma &#8220;Can Sales&#8221; de Palma de Mallorca<\/p>\n\t\t\t\t\t\t\t\t<\/div>\n\t\t\t\t<\/div>\n\t\t\t\t\t<\/div>\n\t\t<\/div>\n\t\t\t\t<div class=\"elementor-column elementor-col-33 elementor-top-column elementor-element elementor-element-dc34e7e\" data-id=\"dc34e7e\" data-element_type=\"column\">\n\t\t\t<div class=\"elementor-widget-wrap elementor-element-populated\">\n\t\t\t\t\t\t<div class=\"elementor-element elementor-element-1639a81 elementor-widget elementor-widget-image\" data-id=\"1639a81\" data-element_type=\"widget\" data-widget_type=\"image.default\">\n\t\t\t\t<div class=\"elementor-widget-container\">\n\t\t\t\t\t\t\t\t\t\t\t\t\t\t\t<img loading=\"lazy\" decoding=\"async\" width=\"768\" height=\"768\" src=\"https:\/\/xaviforcadell.com\/wp-content\/uploads\/2021\/08\/Presentacio-Sant-Jordi-Llibreria-Somnia-de-Badalona-768x768.png\" class=\"attachment-medium_large size-medium_large wp-image-4350\" alt=\"Presentaci\u00f3n Sant Jordi Llibreria Somnia de Badalona\" srcset=\"https:\/\/xaviforcadell.com\/wp-content\/uploads\/2021\/08\/Presentacio-Sant-Jordi-Llibreria-Somnia-de-Badalona-768x768.png 768w, https:\/\/xaviforcadell.com\/wp-content\/uploads\/2021\/08\/Presentacio-Sant-Jordi-Llibreria-Somnia-de-Badalona-300x300.png 300w, https:\/\/xaviforcadell.com\/wp-content\/uploads\/2021\/08\/Presentacio-Sant-Jordi-Llibreria-Somnia-de-Badalona-100x100.png 100w, https:\/\/xaviforcadell.com\/wp-content\/uploads\/2021\/08\/Presentacio-Sant-Jordi-Llibreria-Somnia-de-Badalona-600x600.png 600w, https:\/\/xaviforcadell.com\/wp-content\/uploads\/2021\/08\/Presentacio-Sant-Jordi-Llibreria-Somnia-de-Badalona-1024x1024.png 1024w, https:\/\/xaviforcadell.com\/wp-content\/uploads\/2021\/08\/Presentacio-Sant-Jordi-Llibreria-Somnia-de-Badalona-150x150.png 150w, https:\/\/xaviforcadell.com\/wp-content\/uploads\/2021\/08\/Presentacio-Sant-Jordi-Llibreria-Somnia-de-Badalona.png 1080w\" sizes=\"(max-width: 768px) 100vw, 768px\" \/>\t\t\t\t\t\t\t\t\t\t\t\t\t\t\t<\/div>\n\t\t\t\t<\/div>\n\t\t\t\t<div class=\"elementor-element elementor-element-931f7a1 elementor-widget elementor-widget-text-editor\" data-id=\"931f7a1\" data-element_type=\"widget\" data-widget_type=\"text-editor.default\">\n\t\t\t\t<div class=\"elementor-widget-container\">\n\t\t\t\t\t\t\t\t\t<p style=\"text-align: center;\">Presentaci\u00f3n Sant Jordi Llibreria Somnia de Badalona<\/p>\n\t\t\t\t\t\t\t\t<\/div>\n\t\t\t\t<\/div>\n\t\t\t\t\t<\/div>\n\t\t<\/div>\n\t\t\t\t<div class=\"elementor-column elementor-col-33 elementor-top-column elementor-element elementor-element-3fbf23d\" data-id=\"3fbf23d\" data-element_type=\"column\">\n\t\t\t<div class=\"elementor-widget-wrap elementor-element-populated\">\n\t\t\t\t\t\t<div class=\"elementor-element elementor-element-de84c33 elementor-widget elementor-widget-image\" data-id=\"de84c33\" data-element_type=\"widget\" data-widget_type=\"image.default\">\n\t\t\t\t<div class=\"elementor-widget-container\">\n\t\t\t\t\t\t\t\t\t\t\t\t\t\t\t<img loading=\"lazy\" decoding=\"async\" width=\"768\" height=\"768\" src=\"https:\/\/xaviforcadell.com\/wp-content\/uploads\/2021\/08\/Presentacio-Sant-Jordi-Llibreria-Luz-de-Lula-de-Barcelona-768x768.png\" class=\"attachment-medium_large size-medium_large wp-image-4352\" alt=\"Presentaci\u00f3n Sant Jordi Llibreria Luz de Lula de Barcelona\" srcset=\"https:\/\/xaviforcadell.com\/wp-content\/uploads\/2021\/08\/Presentacio-Sant-Jordi-Llibreria-Luz-de-Lula-de-Barcelona-768x768.png 768w, https:\/\/xaviforcadell.com\/wp-content\/uploads\/2021\/08\/Presentacio-Sant-Jordi-Llibreria-Luz-de-Lula-de-Barcelona-300x300.png 300w, https:\/\/xaviforcadell.com\/wp-content\/uploads\/2021\/08\/Presentacio-Sant-Jordi-Llibreria-Luz-de-Lula-de-Barcelona-100x100.png 100w, https:\/\/xaviforcadell.com\/wp-content\/uploads\/2021\/08\/Presentacio-Sant-Jordi-Llibreria-Luz-de-Lula-de-Barcelona-600x600.png 600w, https:\/\/xaviforcadell.com\/wp-content\/uploads\/2021\/08\/Presentacio-Sant-Jordi-Llibreria-Luz-de-Lula-de-Barcelona-1024x1024.png 1024w, https:\/\/xaviforcadell.com\/wp-content\/uploads\/2021\/08\/Presentacio-Sant-Jordi-Llibreria-Luz-de-Lula-de-Barcelona-150x150.png 150w, https:\/\/xaviforcadell.com\/wp-content\/uploads\/2021\/08\/Presentacio-Sant-Jordi-Llibreria-Luz-de-Lula-de-Barcelona.png 1080w\" sizes=\"(max-width: 768px) 100vw, 768px\" \/>\t\t\t\t\t\t\t\t\t\t\t\t\t\t\t<\/div>\n\t\t\t\t<\/div>\n\t\t\t\t<div class=\"elementor-element elementor-element-4b00dd4 elementor-widget elementor-widget-text-editor\" data-id=\"4b00dd4\" data-element_type=\"widget\" data-widget_type=\"text-editor.default\">\n\t\t\t\t<div class=\"elementor-widget-container\">\n\t\t\t\t\t\t\t\t\t<p style=\"text-align: center;\">Presentaci\u00f3n San Jordi Librer\u00eda Luz de Lula de Barcelona<\/p>\n\t\t\t\t\t\t\t\t<\/div>\n\t\t\t\t<\/div>\n\t\t\t\t\t<\/div>\n\t\t<\/div>\n\t\t\t\t\t<\/div>\n\t\t<\/section>\n\t\t\t\t<section class=\"elementor-section elementor-top-section elementor-element elementor-element-b66c8f1 elementor-section-boxed elementor-section-height-default elementor-section-height-default\" data-id=\"b66c8f1\" data-element_type=\"section\">\n\t\t\t\t\t\t<div class=\"elementor-container elementor-column-gap-default\">\n\t\t\t\t\t<div class=\"elementor-column elementor-col-33 elementor-top-column elementor-element elementor-element-88fb1db\" data-id=\"88fb1db\" data-element_type=\"column\">\n\t\t\t<div class=\"elementor-widget-wrap elementor-element-populated\">\n\t\t\t\t\t\t<div class=\"elementor-element elementor-element-ef96116 elementor-widget elementor-widget-image\" data-id=\"ef96116\" data-element_type=\"widget\" data-widget_type=\"image.default\">\n\t\t\t\t<div class=\"elementor-widget-container\">\n\t\t\t\t\t\t\t\t\t\t\t\t\t\t\t<img loading=\"lazy\" decoding=\"async\" width=\"640\" height=\"640\" src=\"https:\/\/xaviforcadell.com\/wp-content\/uploads\/2021\/08\/Biblioteca-Mora-la-Nova.jpg\" class=\"attachment-medium_large size-medium_large wp-image-4420\" alt=\"Biblioteca Mora la Nova\" srcset=\"https:\/\/xaviforcadell.com\/wp-content\/uploads\/2021\/08\/Biblioteca-Mora-la-Nova.jpg 640w, https:\/\/xaviforcadell.com\/wp-content\/uploads\/2021\/08\/Biblioteca-Mora-la-Nova-300x300.jpg 300w, https:\/\/xaviforcadell.com\/wp-content\/uploads\/2021\/08\/Biblioteca-Mora-la-Nova-100x100.jpg 100w, https:\/\/xaviforcadell.com\/wp-content\/uploads\/2021\/08\/Biblioteca-Mora-la-Nova-600x600.jpg 600w, https:\/\/xaviforcadell.com\/wp-content\/uploads\/2021\/08\/Biblioteca-Mora-la-Nova-150x150.jpg 150w\" sizes=\"(max-width: 640px) 100vw, 640px\" \/>\t\t\t\t\t\t\t\t\t\t\t\t\t\t\t<\/div>\n\t\t\t\t<\/div>\n\t\t\t\t<div class=\"elementor-element elementor-element-3417d44 elementor-widget elementor-widget-text-editor\" data-id=\"3417d44\" data-element_type=\"widget\" data-widget_type=\"text-editor.default\">\n\t\t\t\t<div class=\"elementor-widget-container\">\n\t\t\t\t\t\t\t\t\t<p style=\"text-align: center;\">Presentaci\u00f3n y Charla a la Biblioteca Municipal de M\u00f3ra la Nova (Terres de l&#8217;Ebre), organizada por la Llibreria el N\u00favol y la Llar de Crian\u00e7a Oreneta<\/p>\n\t\t\t\t\t\t\t\t<\/div>\n\t\t\t\t<\/div>\n\t\t\t\t\t<\/div>\n\t\t<\/div>\n\t\t\t\t<div class=\"elementor-column elementor-col-33 elementor-top-column elementor-element elementor-element-c9ed3c2\" data-id=\"c9ed3c2\" data-element_type=\"column\">\n\t\t\t<div class=\"elementor-widget-wrap elementor-element-populated\">\n\t\t\t\t\t\t<div class=\"elementor-element elementor-element-4884151 elementor-widget elementor-widget-image\" data-id=\"4884151\" data-element_type=\"widget\" data-widget_type=\"image.default\">\n\t\t\t\t<div class=\"elementor-widget-container\">\n\t\t\t\t\t\t\t\t\t\t\t\t\t\t\t<img loading=\"lazy\" decoding=\"async\" width=\"768\" height=\"768\" src=\"https:\/\/xaviforcadell.com\/wp-content\/uploads\/2021\/08\/Fira-Llibre-Ebrenc-768x768.png\" class=\"attachment-medium_large size-medium_large wp-image-4416\" alt=\"Fira Llibre Ebrenc\" srcset=\"https:\/\/xaviforcadell.com\/wp-content\/uploads\/2021\/08\/Fira-Llibre-Ebrenc-768x768.png 768w, https:\/\/xaviforcadell.com\/wp-content\/uploads\/2021\/08\/Fira-Llibre-Ebrenc-300x300.png 300w, https:\/\/xaviforcadell.com\/wp-content\/uploads\/2021\/08\/Fira-Llibre-Ebrenc-100x100.png 100w, https:\/\/xaviforcadell.com\/wp-content\/uploads\/2021\/08\/Fira-Llibre-Ebrenc-600x600.png 600w, https:\/\/xaviforcadell.com\/wp-content\/uploads\/2021\/08\/Fira-Llibre-Ebrenc-1024x1024.png 1024w, https:\/\/xaviforcadell.com\/wp-content\/uploads\/2021\/08\/Fira-Llibre-Ebrenc-150x150.png 150w, https:\/\/xaviforcadell.com\/wp-content\/uploads\/2021\/08\/Fira-Llibre-Ebrenc.png 1080w\" sizes=\"(max-width: 768px) 100vw, 768px\" \/>\t\t\t\t\t\t\t\t\t\t\t\t\t\t\t<\/div>\n\t\t\t\t<\/div>\n\t\t\t\t<div class=\"elementor-element elementor-element-65faf10 elementor-widget elementor-widget-text-editor\" data-id=\"65faf10\" data-element_type=\"widget\" data-widget_type=\"text-editor.default\">\n\t\t\t\t<div class=\"elementor-widget-container\">\n\t\t\t\t\t\t\t\t\t<p style=\"text-align: center;\">Presentaci\u00f3n en la Feria del Libro Ebrense de Mora d&#8217;Ebre (Terres de l&#8217;Ebre)<\/p>\n\t\t\t\t\t\t\t\t<\/div>\n\t\t\t\t<\/div>\n\t\t\t\t\t<\/div>\n\t\t<\/div>\n\t\t\t\t<div class=\"elementor-column elementor-col-33 elementor-top-column elementor-element elementor-element-ee10f4b\" data-id=\"ee10f4b\" data-element_type=\"column\">\n\t\t\t<div class=\"elementor-widget-wrap elementor-element-populated\">\n\t\t\t\t\t\t<div class=\"elementor-element elementor-element-48718a0 elementor-widget elementor-widget-image\" data-id=\"48718a0\" data-element_type=\"widget\" data-widget_type=\"image.default\">\n\t\t\t\t<div class=\"elementor-widget-container\">\n\t\t\t\t\t\t\t\t\t\t\t\t\t\t\t<img loading=\"lazy\" decoding=\"async\" width=\"768\" height=\"768\" src=\"https:\/\/xaviforcadell.com\/wp-content\/uploads\/2021\/09\/Formacio-Psicomotricitat8-768x768.png\" class=\"attachment-medium_large size-medium_large wp-image-5061\" alt=\"\" srcset=\"https:\/\/xaviforcadell.com\/wp-content\/uploads\/2021\/09\/Formacio-Psicomotricitat8-768x768.png 768w, https:\/\/xaviforcadell.com\/wp-content\/uploads\/2021\/09\/Formacio-Psicomotricitat8-300x300.png 300w, https:\/\/xaviforcadell.com\/wp-content\/uploads\/2021\/09\/Formacio-Psicomotricitat8-100x100.png 100w, https:\/\/xaviforcadell.com\/wp-content\/uploads\/2021\/09\/Formacio-Psicomotricitat8-600x600.png 600w, https:\/\/xaviforcadell.com\/wp-content\/uploads\/2021\/09\/Formacio-Psicomotricitat8-1024x1024.png 1024w, https:\/\/xaviforcadell.com\/wp-content\/uploads\/2021\/09\/Formacio-Psicomotricitat8-150x150.png 150w, https:\/\/xaviforcadell.com\/wp-content\/uploads\/2021\/09\/Formacio-Psicomotricitat8.png 1080w\" sizes=\"(max-width: 768px) 100vw, 768px\" \/>\t\t\t\t\t\t\t\t\t\t\t\t\t\t\t<\/div>\n\t\t\t\t<\/div>\n\t\t\t\t<div class=\"elementor-element elementor-element-7c0503d elementor-widget elementor-widget-text-editor\" data-id=\"7c0503d\" data-element_type=\"widget\" data-widget_type=\"text-editor.default\">\n\t\t\t\t<div class=\"elementor-widget-container\">\n\t\t\t\t\t\t\t\t\t<p style=\"text-align: center;\">Firma del Cuento a la Setmana del Llibre en Catal\u00e0 de Barcelona<\/p>\n\t\t\t\t\t\t\t\t<\/div>\n\t\t\t\t<\/div>\n\t\t\t\t\t<\/div>\n\t\t<\/div>\n\t\t\t\t\t<\/div>\n\t\t<\/section>\n\t\t\t\t<section class=\"elementor-section elementor-top-section elementor-element elementor-element-57c1fb2 elementor-section-boxed elementor-section-height-default elementor-section-height-default\" data-id=\"57c1fb2\" data-element_type=\"section\">\n\t\t\t\t\t\t<div class=\"elementor-container elementor-column-gap-default\">\n\t\t\t\t\t<div class=\"elementor-column elementor-col-33 elementor-top-column elementor-element elementor-element-8006d71\" data-id=\"8006d71\" data-element_type=\"column\">\n\t\t\t<div class=\"elementor-widget-wrap elementor-element-populated\">\n\t\t\t\t\t\t<div class=\"elementor-element elementor-element-8955554 elementor-widget elementor-widget-image\" data-id=\"8955554\" data-element_type=\"widget\" data-widget_type=\"image.default\">\n\t\t\t\t<div class=\"elementor-widget-container\">\n\t\t\t\t\t\t\t\t\t\t\t\t\t\t\t<img loading=\"lazy\" decoding=\"async\" width=\"768\" height=\"961\" src=\"https:\/\/xaviforcadell.com\/wp-content\/uploads\/2021\/09\/Llibreria-Insula-Literaria-768x961.jpeg\" class=\"attachment-medium_large size-medium_large wp-image-5213\" alt=\"\" srcset=\"https:\/\/xaviforcadell.com\/wp-content\/uploads\/2021\/09\/Llibreria-Insula-Literaria-768x961.jpeg 768w, https:\/\/xaviforcadell.com\/wp-content\/uploads\/2021\/09\/Llibreria-Insula-Literaria-600x751.jpeg 600w, https:\/\/xaviforcadell.com\/wp-content\/uploads\/2021\/09\/Llibreria-Insula-Literaria-240x300.jpeg 240w, https:\/\/xaviforcadell.com\/wp-content\/uploads\/2021\/09\/Llibreria-Insula-Literaria-819x1024.jpeg 819w, https:\/\/xaviforcadell.com\/wp-content\/uploads\/2021\/09\/Llibreria-Insula-Literaria-1228x1536.jpeg 1228w, https:\/\/xaviforcadell.com\/wp-content\/uploads\/2021\/09\/Llibreria-Insula-Literaria.jpeg 1279w\" sizes=\"(max-width: 768px) 100vw, 768px\" \/>\t\t\t\t\t\t\t\t\t\t\t\t\t\t\t<\/div>\n\t\t\t\t<\/div>\n\t\t\t\t<div class=\"elementor-element elementor-element-5ed7663 elementor-widget elementor-widget-text-editor\" data-id=\"5ed7663\" data-element_type=\"widget\" data-widget_type=\"text-editor.default\">\n\t\t\t\t<div class=\"elementor-widget-container\">\n\t\t\t\t\t\t\t\t\t<p style=\"text-align: center;\"><span style=\"font-weight: 400;\">Taller Cuentacuentos y Conferencia Cuento Infantil, Llibreria \u00cdnsula Liter\u00e0ria, Palma de Mallorca<\/span><\/p>\n\t\t\t\t\t\t\t\t<\/div>\n\t\t\t\t<\/div>\n\t\t\t\t\t<\/div>\n\t\t<\/div>\n\t\t\t\t<div class=\"elementor-column elementor-col-33 elementor-top-column elementor-element elementor-element-1e9aaf5\" data-id=\"1e9aaf5\" data-element_type=\"column\">\n\t\t\t<div class=\"elementor-widget-wrap elementor-element-populated\">\n\t\t\t\t\t\t<div class=\"elementor-element elementor-element-fa6bf73 elementor-widget elementor-widget-image\" data-id=\"fa6bf73\" data-element_type=\"widget\" data-widget_type=\"image.default\">\n\t\t\t\t<div class=\"elementor-widget-container\">\n\t\t\t\t\t\t\t\t\t\t\t\t\t\t\t<img loading=\"lazy\" decoding=\"async\" width=\"768\" height=\"768\" src=\"https:\/\/xaviforcadell.com\/wp-content\/uploads\/2021\/10\/Cartell-Presentacio-Llibreria-Contalles-768x768.png\" class=\"attachment-medium_large size-medium_large wp-image-6944\" alt=\"\" srcset=\"https:\/\/xaviforcadell.com\/wp-content\/uploads\/2021\/10\/Cartell-Presentacio-Llibreria-Contalles-768x768.png 768w, https:\/\/xaviforcadell.com\/wp-content\/uploads\/2021\/10\/Cartell-Presentacio-Llibreria-Contalles-300x300.png 300w, https:\/\/xaviforcadell.com\/wp-content\/uploads\/2021\/10\/Cartell-Presentacio-Llibreria-Contalles-100x100.png 100w, https:\/\/xaviforcadell.com\/wp-content\/uploads\/2021\/10\/Cartell-Presentacio-Llibreria-Contalles-600x600.png 600w, https:\/\/xaviforcadell.com\/wp-content\/uploads\/2021\/10\/Cartell-Presentacio-Llibreria-Contalles-1024x1024.png 1024w, https:\/\/xaviforcadell.com\/wp-content\/uploads\/2021\/10\/Cartell-Presentacio-Llibreria-Contalles-150x150.png 150w, https:\/\/xaviforcadell.com\/wp-content\/uploads\/2021\/10\/Cartell-Presentacio-Llibreria-Contalles.png 1080w\" sizes=\"(max-width: 768px) 100vw, 768px\" \/>\t\t\t\t\t\t\t\t\t\t\t\t\t\t\t<\/div>\n\t\t\t\t<\/div>\n\t\t\t\t<div class=\"elementor-element elementor-element-06c8f0d elementor-widget elementor-widget-text-editor\" data-id=\"06c8f0d\" data-element_type=\"widget\" data-widget_type=\"text-editor.default\">\n\t\t\t\t<div class=\"elementor-widget-container\">\n\t\t\t\t\t\t\t\t\t<p style=\"text-align: center;\">Presentaci\u00f3n y Taller Cuentacuentos, Llibreria Contalles de Benidorm (Alacant)<\/p>\n\t\t\t\t\t\t\t\t<\/div>\n\t\t\t\t<\/div>\n\t\t\t\t\t<\/div>\n\t\t<\/div>\n\t\t\t\t<div class=\"elementor-column elementor-col-33 elementor-top-column elementor-element elementor-element-5519806\" data-id=\"5519806\" data-element_type=\"column\">\n\t\t\t<div class=\"elementor-widget-wrap elementor-element-populated\">\n\t\t\t\t\t\t<div class=\"elementor-element elementor-element-72f7c5d elementor-widget elementor-widget-image\" data-id=\"72f7c5d\" data-element_type=\"widget\" data-widget_type=\"image.default\">\n\t\t\t\t<div class=\"elementor-widget-container\">\n\t\t\t\t\t\t\t\t\t\t\t\t\t\t\t<img loading=\"lazy\" decoding=\"async\" width=\"768\" height=\"768\" src=\"https:\/\/xaviforcadell.com\/wp-content\/uploads\/2021\/10\/El-Conte-Infantil1-1-768x768.png\" class=\"attachment-medium_large size-medium_large wp-image-7895\" alt=\"Presentaci\u00f3n Fira Conte Tordera\" srcset=\"https:\/\/xaviforcadell.com\/wp-content\/uploads\/2021\/10\/El-Conte-Infantil1-1-768x768.png 768w, https:\/\/xaviforcadell.com\/wp-content\/uploads\/2021\/10\/El-Conte-Infantil1-1-300x300.png 300w, https:\/\/xaviforcadell.com\/wp-content\/uploads\/2021\/10\/El-Conte-Infantil1-1-100x100.png 100w, https:\/\/xaviforcadell.com\/wp-content\/uploads\/2021\/10\/El-Conte-Infantil1-1-600x600.png 600w, https:\/\/xaviforcadell.com\/wp-content\/uploads\/2021\/10\/El-Conte-Infantil1-1-1024x1024.png 1024w, https:\/\/xaviforcadell.com\/wp-content\/uploads\/2021\/10\/El-Conte-Infantil1-1-150x150.png 150w, https:\/\/xaviforcadell.com\/wp-content\/uploads\/2021\/10\/El-Conte-Infantil1-1.png 1080w\" sizes=\"(max-width: 768px) 100vw, 768px\" \/>\t\t\t\t\t\t\t\t\t\t\t\t\t\t\t<\/div>\n\t\t\t\t<\/div>\n\t\t\t\t<div class=\"elementor-element elementor-element-e2987ae elementor-widget elementor-widget-text-editor\" data-id=\"e2987ae\" data-element_type=\"widget\" data-widget_type=\"text-editor.default\">\n\t\t\t\t<div class=\"elementor-widget-container\">\n\t\t\t\t\t\t\t\t\t<p style=\"text-align: center;\">Presentaci\u00f3n,\u00a0 Taller Cuentacuentos y Conferencia a la Fira del Conte de Tordera (Barcelona)<\/p>\n\t\t\t\t\t\t\t\t<\/div>\n\t\t\t\t<\/div>\n\t\t\t\t\t<\/div>\n\t\t<\/div>\n\t\t\t\t\t<\/div>\n\t\t<\/section>\n\t\t\t\t<section class=\"elementor-section elementor-top-section elementor-element elementor-element-bbd0c30 elementor-section-boxed elementor-section-height-default elementor-section-height-default\" data-id=\"bbd0c30\" data-element_type=\"section\">\n\t\t\t\t\t\t<div class=\"elementor-container elementor-column-gap-default\">\n\t\t\t\t\t<div class=\"elementor-column elementor-col-33 elementor-top-column elementor-element elementor-element-8278bac\" data-id=\"8278bac\" data-element_type=\"column\">\n\t\t\t<div class=\"elementor-widget-wrap elementor-element-populated\">\n\t\t\t\t\t\t<div class=\"elementor-element elementor-element-8054ff7 elementor-widget elementor-widget-image\" data-id=\"8054ff7\" data-element_type=\"widget\" data-widget_type=\"image.default\">\n\t\t\t\t<div class=\"elementor-widget-container\">\n\t\t\t\t\t\t\t\t\t\t\t\t\t\t\t<img loading=\"lazy\" decoding=\"async\" width=\"300\" height=\"300\" src=\"https:\/\/xaviforcadell.com\/wp-content\/uploads\/2021\/10\/Formacio-Psicomotricitat2-300x300.png\" class=\"attachment-medium size-medium wp-image-6947\" alt=\"\" srcset=\"https:\/\/xaviforcadell.com\/wp-content\/uploads\/2021\/10\/Formacio-Psicomotricitat2-300x300.png 300w, https:\/\/xaviforcadell.com\/wp-content\/uploads\/2021\/10\/Formacio-Psicomotricitat2-100x100.png 100w, https:\/\/xaviforcadell.com\/wp-content\/uploads\/2021\/10\/Formacio-Psicomotricitat2-600x600.png 600w, https:\/\/xaviforcadell.com\/wp-content\/uploads\/2021\/10\/Formacio-Psicomotricitat2-1024x1024.png 1024w, https:\/\/xaviforcadell.com\/wp-content\/uploads\/2021\/10\/Formacio-Psicomotricitat2-150x150.png 150w, https:\/\/xaviforcadell.com\/wp-content\/uploads\/2021\/10\/Formacio-Psicomotricitat2-768x768.png 768w, https:\/\/xaviforcadell.com\/wp-content\/uploads\/2021\/10\/Formacio-Psicomotricitat2.png 1080w\" sizes=\"(max-width: 300px) 100vw, 300px\" \/>\t\t\t\t\t\t\t\t\t\t\t\t\t\t\t<\/div>\n\t\t\t\t<\/div>\n\t\t\t\t<div class=\"elementor-element elementor-element-4454576 elementor-widget elementor-widget-text-editor\" data-id=\"4454576\" data-element_type=\"widget\" data-widget_type=\"text-editor.default\">\n\t\t\t\t<div class=\"elementor-widget-container\">\n\t\t\t\t\t\t\t\t\t<p style=\"text-align: center;\">Taller Cuentacuentos y Conferencia Cuento Infantil, Llibreria 80 Mundos, Alacant<\/p>\n\t\t\t\t\t\t\t\t<\/div>\n\t\t\t\t<\/div>\n\t\t\t\t\t<\/div>\n\t\t<\/div>\n\t\t\t\t<div class=\"elementor-column elementor-col-33 elementor-top-column elementor-element elementor-element-dd067c7\" data-id=\"dd067c7\" data-element_type=\"column\">\n\t\t\t<div class=\"elementor-widget-wrap\">\n\t\t\t\t\t\t\t<\/div>\n\t\t<\/div>\n\t\t\t\t<div class=\"elementor-column elementor-col-33 elementor-top-column elementor-element elementor-element-7ef5058\" data-id=\"7ef5058\" data-element_type=\"column\">\n\t\t\t<div class=\"elementor-widget-wrap\">\n\t\t\t\t\t\t\t<\/div>\n\t\t<\/div>\n\t\t\t\t\t<\/div>\n\t\t<\/section>\n\t\t\t\t<section class=\"elementor-section elementor-top-section elementor-element elementor-element-a936c9c elementor-section-boxed elementor-section-height-default elementor-section-height-default\" data-id=\"a936c9c\" data-element_type=\"section\">\n\t\t\t\t\t\t<div class=\"elementor-container elementor-column-gap-default\">\n\t\t\t\t\t<div class=\"elementor-column elementor-col-100 elementor-top-column elementor-element elementor-element-238dd62\" data-id=\"238dd62\" data-element_type=\"column\">\n\t\t\t<div class=\"elementor-widget-wrap elementor-element-populated\">\n\t\t\t\t\t\t<div class=\"elementor-element elementor-element-51b91a7 elementor-align-center elementor-widget elementor-widget-button\" data-id=\"51b91a7\" data-element_type=\"widget\" data-widget_type=\"button.default\">\n\t\t\t\t<div class=\"elementor-widget-container\">\n\t\t\t\t\t\t\t\t\t<div class=\"elementor-button-wrapper\">\n\t\t\t\t\t<a class=\"elementor-button elementor-button-link elementor-size-lg\" href=\"https:\/\/xaviforcadell.com\/es\/com-adquirir-lo\/\">\n\t\t\t\t\t\t<span class=\"elementor-button-content-wrapper\">\n\t\t\t\t\t\t\t\t\t<span class=\"elementor-button-text\">C\u00f3mo adquirirlo<\/span>\n\t\t\t\t\t<\/span>\n\t\t\t\t\t<\/a>\n\t\t\t\t<\/div>\n\t\t\t\t\t\t\t\t<\/div>\n\t\t\t\t<\/div>\n\t\t\t\t\t<\/div>\n\t\t<\/div>\n\t\t\t\t\t<\/div>\n\t\t<\/section>\n\t\t\t\t<\/div>\n\t\t","protected":false},"excerpt":{"rendered":"<p>Ver el bue recibimiento que est\u00e1 teniendo el cuento el Cranc Juganer nos hace muy felices! Y poder compartir con [&hellip;]<\/p>\n","protected":false},"author":1,"featured_media":0,"parent":0,"menu_order":0,"comment_status":"closed","ping_status":"closed","template":"","meta":{"site-sidebar-layout":"no-sidebar","site-content-layout":"page-builder","ast-site-content-layout":"default","site-content-style":"default","site-sidebar-style":"default","ast-global-header-display":"","ast-banner-title-visibility":"","ast-main-header-display":"","ast-hfb-above-header-display":"","ast-hfb-below-header-display":"","ast-hfb-mobile-header-display":"","site-post-title":"disabled","ast-breadcrumbs-content":"","ast-featured-img":"disabled","footer-sml-layout":"","theme-transparent-header-meta":"default","adv-header-id-meta":"","stick-header-meta":"default","header-above-stick-meta":"","header-main-stick-meta":"","header-below-stick-meta":"","astra-migrate-meta-layouts":"default","ast-page-background-enabled":"default","ast-page-background-meta":{"desktop":{"background-color":"var(--ast-global-color-4)","background-image":"","background-repeat":"repeat","background-position":"center center","background-size":"auto","background-attachment":"scroll","background-type":"","background-media":"","overlay-type":"","overlay-color":"","overlay-opacity":"","overlay-gradient":""},"tablet":{"background-color":"","background-image":"","background-repeat":"repeat","background-position":"center center","background-size":"auto","background-attachment":"scroll","background-type":"","background-media":"","overlay-type":"","overlay-color":"","overlay-opacity":"","overlay-gradient":""},"mobile":{"background-color":"","background-image":"","background-repeat":"repeat","background-position":"center center","background-size":"auto","background-attachment":"scroll","background-type":"","background-media":"","overlay-type":"","overlay-color":"","overlay-opacity":"","overlay-gradient":""}},"ast-content-background-meta":{"desktop":{"background-color":"var(--ast-global-color-5)","background-image":"","background-repeat":"repeat","background-position":"center center","background-size":"auto","background-attachment":"scroll","background-type":"","background-media":"","overlay-type":"","overlay-color":"","overlay-opacity":"","overlay-gradient":""},"tablet":{"background-color":"var(--ast-global-color-5)","background-image":"","background-repeat":"repeat","background-position":"center center","background-size":"auto","background-attachment":"scroll","background-type":"","background-media":"","overlay-type":"","overlay-color":"","overlay-opacity":"","overlay-gradient":""},"mobile":{"background-color":"var(--ast-global-color-5)","background-image":"","background-repeat":"repeat","background-position":"center center","background-size":"auto","background-attachment":"scroll","background-type":"","background-media":"","overlay-type":"","overlay-color":"","overlay-opacity":"","overlay-gradient":""}},"footnotes":""},"class_list":["post-4367","page","type-page","status-publish","hentry"],"yoast_head":"<!-- This site is optimized with the Yoast SEO plugin v25.5 - https:\/\/yoast.com\/wordpress\/plugins\/seo\/ -->\n<title>Presentaciones - Escola Eduquem per Cr&eacute;ixer<\/title>\n<meta name=\"robots\" content=\"index, follow, max-snippet:-1, max-image-preview:large, max-video-preview:-1\" \/>\n<link rel=\"canonical\" href=\"https:\/\/xaviforcadell.com\/presentacions\/\" \/>\n<meta property=\"og:locale\" content=\"es_ES\" \/>\n<meta property=\"og:type\" content=\"article\" \/>\n<meta property=\"og:title\" content=\"Presentaciones - Escola Eduquem per Cr&eacute;ixer\" \/>\n<meta property=\"og:description\" content=\"Ver el bue recibimiento que est\u00e1 teniendo el cuento el Cranc Juganer nos hace muy felices! Y poder compartir con [&hellip;]\" \/>\n<meta property=\"og:url\" content=\"https:\/\/xaviforcadell.com\/presentacions\/\" \/>\n<meta property=\"og:site_name\" content=\"Escola Eduquem per Cr&eacute;ixer\" \/>\n<meta property=\"article:publisher\" content=\"https:\/\/www.facebook.com\/drxaviforcadell\" \/>\n<meta property=\"article:modified_time\" content=\"2022-09-05T17:32:06+00:00\" \/>\n<meta property=\"og:image\" content=\"https:\/\/xaviforcadell.com\/wp-content\/uploads\/2021\/09\/108696006_10160175326679535_5990785941800364937_n-768x768.jpg\" \/>\n<meta name=\"twitter:card\" content=\"summary_large_image\" \/>\n<meta name=\"twitter:site\" content=\"@drxaviforcadell\" \/>\n<meta name=\"twitter:label1\" content=\"Tiempo de lectura\" \/>\n\t<meta name=\"twitter:data1\" content=\"1 minuto\" \/>\n<script type=\"application\/ld+json\" class=\"yoast-schema-graph\">{\"@context\":\"https:\/\/schema.org\",\"@graph\":[{\"@type\":\"WebPage\",\"@id\":\"https:\/\/xaviforcadell.com\/presentacions\/\",\"url\":\"https:\/\/xaviforcadell.com\/presentacions\/\",\"name\":\"Presentaciones - Escola Eduquem per Cr&eacute;ixer\",\"isPartOf\":{\"@id\":\"https:\/\/xaviforcadell.com\/#website\"},\"primaryImageOfPage\":{\"@id\":\"https:\/\/xaviforcadell.com\/presentacions\/#primaryimage\"},\"image\":{\"@id\":\"https:\/\/xaviforcadell.com\/presentacions\/#primaryimage\"},\"thumbnailUrl\":\"https:\/\/xaviforcadell.com\/wp-content\/uploads\/2021\/09\/108696006_10160175326679535_5990785941800364937_n-768x768.jpg\",\"datePublished\":\"2021-08-20T16:44:58+00:00\",\"dateModified\":\"2022-09-05T17:32:06+00:00\",\"breadcrumb\":{\"@id\":\"https:\/\/xaviforcadell.com\/presentacions\/#breadcrumb\"},\"inLanguage\":\"es\",\"potentialAction\":[{\"@type\":\"ReadAction\",\"target\":[\"https:\/\/xaviforcadell.com\/presentacions\/\"]}]},{\"@type\":\"ImageObject\",\"inLanguage\":\"es\",\"@id\":\"https:\/\/xaviforcadell.com\/presentacions\/#primaryimage\",\"url\":\"https:\/\/xaviforcadell.com\/wp-content\/uploads\/2021\/09\/108696006_10160175326679535_5990785941800364937_n-768x768.jpg\",\"contentUrl\":\"https:\/\/xaviforcadell.com\/wp-content\/uploads\/2021\/09\/108696006_10160175326679535_5990785941800364937_n-768x768.jpg\"},{\"@type\":\"BreadcrumbList\",\"@id\":\"https:\/\/xaviforcadell.com\/presentacions\/#breadcrumb\",\"itemListElement\":[{\"@type\":\"ListItem\",\"position\":1,\"name\":\"Portada\",\"item\":\"https:\/\/xaviforcadell.com\/es\/\"},{\"@type\":\"ListItem\",\"position\":2,\"name\":\"Presentaciones\"}]},{\"@type\":\"WebSite\",\"@id\":\"https:\/\/xaviforcadell.com\/#website\",\"url\":\"https:\/\/xaviforcadell.com\/\",\"name\":\"Escola Eduquem per Cr&eacute;ixer\",\"description\":\"\",\"publisher\":{\"@id\":\"https:\/\/xaviforcadell.com\/#organization\"},\"potentialAction\":[{\"@type\":\"SearchAction\",\"target\":{\"@type\":\"EntryPoint\",\"urlTemplate\":\"https:\/\/xaviforcadell.com\/?s={search_term_string}\"},\"query-input\":{\"@type\":\"PropertyValueSpecification\",\"valueRequired\":true,\"valueName\":\"search_term_string\"}}],\"inLanguage\":\"es\"},{\"@type\":\"Organization\",\"@id\":\"https:\/\/xaviforcadell.com\/#organization\",\"name\":\"Escola Eduquem Per Cr\u00e9ixer\",\"url\":\"https:\/\/xaviforcadell.com\/\",\"logo\":{\"@type\":\"ImageObject\",\"inLanguage\":\"es\",\"@id\":\"https:\/\/xaviforcadell.com\/#\/schema\/logo\/image\/\",\"url\":\"https:\/\/xaviforcadell.com\/wp-content\/uploads\/2021\/05\/Escola-Xavi-Forcadell-logo-250px.png\",\"contentUrl\":\"https:\/\/xaviforcadell.com\/wp-content\/uploads\/2021\/05\/Escola-Xavi-Forcadell-logo-250px.png\",\"width\":250,\"height\":250,\"caption\":\"Escola Eduquem Per Cr\u00e9ixer\"},\"image\":{\"@id\":\"https:\/\/xaviforcadell.com\/#\/schema\/logo\/image\/\"},\"sameAs\":[\"https:\/\/www.facebook.com\/drxaviforcadell\",\"https:\/\/x.com\/drxaviforcadell\",\"https:\/\/www.instagram.com\/xaviforcadell\",\"https:\/\/www.linkedin.com\/in\/xavi-forcadell\",\"https:\/\/www.youtube.com\/c\/xaviforcadell\"]}]}<\/script>\n<!-- \/ Yoast SEO plugin. -->","yoast_head_json":{"title":"Presentaciones - Escola Eduquem per Cr&eacute;ixer","robots":{"index":"index","follow":"follow","max-snippet":"max-snippet:-1","max-image-preview":"max-image-preview:large","max-video-preview":"max-video-preview:-1"},"canonical":"https:\/\/xaviforcadell.com\/presentacions\/","og_locale":"es_ES","og_type":"article","og_title":"Presentaciones - Escola Eduquem per Cr&eacute;ixer","og_description":"Ver el bue recibimiento que est\u00e1 teniendo el cuento el Cranc Juganer nos hace muy felices! Y poder compartir con [&hellip;]","og_url":"https:\/\/xaviforcadell.com\/presentacions\/","og_site_name":"Escola Eduquem per Cr&eacute;ixer","article_publisher":"https:\/\/www.facebook.com\/drxaviforcadell","article_modified_time":"2022-09-05T17:32:06+00:00","og_image":[{"url":"https:\/\/xaviforcadell.com\/wp-content\/uploads\/2021\/09\/108696006_10160175326679535_5990785941800364937_n-768x768.jpg","type":"","width":"","height":""}],"twitter_card":"summary_large_image","twitter_site":"@drxaviforcadell","twitter_misc":{"Tiempo de lectura":"1 minuto"},"schema":{"@context":"https:\/\/schema.org","@graph":[{"@type":"WebPage","@id":"https:\/\/xaviforcadell.com\/presentacions\/","url":"https:\/\/xaviforcadell.com\/presentacions\/","name":"Presentaciones - Escola Eduquem per Cr&eacute;ixer","isPartOf":{"@id":"https:\/\/xaviforcadell.com\/#website"},"primaryImageOfPage":{"@id":"https:\/\/xaviforcadell.com\/presentacions\/#primaryimage"},"image":{"@id":"https:\/\/xaviforcadell.com\/presentacions\/#primaryimage"},"thumbnailUrl":"https:\/\/xaviforcadell.com\/wp-content\/uploads\/2021\/09\/108696006_10160175326679535_5990785941800364937_n-768x768.jpg","datePublished":"2021-08-20T16:44:58+00:00","dateModified":"2022-09-05T17:32:06+00:00","breadcrumb":{"@id":"https:\/\/xaviforcadell.com\/presentacions\/#breadcrumb"},"inLanguage":"es","potentialAction":[{"@type":"ReadAction","target":["https:\/\/xaviforcadell.com\/presentacions\/"]}]},{"@type":"ImageObject","inLanguage":"es","@id":"https:\/\/xaviforcadell.com\/presentacions\/#primaryimage","url":"https:\/\/xaviforcadell.com\/wp-content\/uploads\/2021\/09\/108696006_10160175326679535_5990785941800364937_n-768x768.jpg","contentUrl":"https:\/\/xaviforcadell.com\/wp-content\/uploads\/2021\/09\/108696006_10160175326679535_5990785941800364937_n-768x768.jpg"},{"@type":"BreadcrumbList","@id":"https:\/\/xaviforcadell.com\/presentacions\/#breadcrumb","itemListElement":[{"@type":"ListItem","position":1,"name":"Portada","item":"https:\/\/xaviforcadell.com\/es\/"},{"@type":"ListItem","position":2,"name":"Presentaciones"}]},{"@type":"WebSite","@id":"https:\/\/xaviforcadell.com\/#website","url":"https:\/\/xaviforcadell.com\/","name":"Escola Eduquem per Cr&eacute;ixer","description":"","publisher":{"@id":"https:\/\/xaviforcadell.com\/#organization"},"potentialAction":[{"@type":"SearchAction","target":{"@type":"EntryPoint","urlTemplate":"https:\/\/xaviforcadell.com\/?s={search_term_string}"},"query-input":{"@type":"PropertyValueSpecification","valueRequired":true,"valueName":"search_term_string"}}],"inLanguage":"es"},{"@type":"Organization","@id":"https:\/\/xaviforcadell.com\/#organization","name":"Escola Eduquem Per Cr\u00e9ixer","url":"https:\/\/xaviforcadell.com\/","logo":{"@type":"ImageObject","inLanguage":"es","@id":"https:\/\/xaviforcadell.com\/#\/schema\/logo\/image\/","url":"https:\/\/xaviforcadell.com\/wp-content\/uploads\/2021\/05\/Escola-Xavi-Forcadell-logo-250px.png","contentUrl":"https:\/\/xaviforcadell.com\/wp-content\/uploads\/2021\/05\/Escola-Xavi-Forcadell-logo-250px.png","width":250,"height":250,"caption":"Escola Eduquem Per Cr\u00e9ixer"},"image":{"@id":"https:\/\/xaviforcadell.com\/#\/schema\/logo\/image\/"},"sameAs":["https:\/\/www.facebook.com\/drxaviforcadell","https:\/\/x.com\/drxaviforcadell","https:\/\/www.instagram.com\/xaviforcadell","https:\/\/www.linkedin.com\/in\/xavi-forcadell","https:\/\/www.youtube.com\/c\/xaviforcadell"]}]}},"_links":{"self":[{"href":"https:\/\/xaviforcadell.com\/es\/wp-json\/wp\/v2\/pages\/4367","targetHints":{"allow":["GET"]}}],"collection":[{"href":"https:\/\/xaviforcadell.com\/es\/wp-json\/wp\/v2\/pages"}],"about":[{"href":"https:\/\/xaviforcadell.com\/es\/wp-json\/wp\/v2\/types\/page"}],"author":[{"embeddable":true,"href":"https:\/\/xaviforcadell.com\/es\/wp-json\/wp\/v2\/users\/1"}],"replies":[{"embeddable":true,"href":"https:\/\/xaviforcadell.com\/es\/wp-json\/wp\/v2\/comments?post=4367"}],"version-history":[{"count":0,"href":"https:\/\/xaviforcadell.com\/es\/wp-json\/wp\/v2\/pages\/4367\/revisions"}],"wp:attachment":[{"href":"https:\/\/xaviforcadell.com\/es\/wp-json\/wp\/v2\/media?parent=4367"}],"curies":[{"name":"wp","href":"https:\/\/api.w.org\/{rel}","templated":true}]}}