{"id":6,"date":"2021-04-04T17:33:07","date_gmt":"2021-04-04T15:33:07","guid":{"rendered":"https:\/\/xaviforcadell.com\/politica-de-privacidad\/"},"modified":"2022-01-02T21:52:12","modified_gmt":"2022-01-02T19:52:12","slug":"politica-de-privacidad","status":"publish","type":"page","link":"https:\/\/xaviforcadell.com\/es\/politica-de-privacidad\/","title":{"rendered":"Pol\u00edtica de Privacidad"},"content":{"rendered":"\n<p>El Titular le informa sobre su Pol\u00edtica de Privacidad respecto del tratamiento y protecci\u00f3n de los datos de car\u00e1cter personal de los usuarios  que puedan ser recabados durante la navegaci\u00f3n a trav\u00e9s del Sitio Web: <a href=\"\">https:\/\/xaviforcadell.com<\/a>\n<\/p>\n\n<p>\n\tEn este sentido, el Titular garantiza el cumplimiento de la normativa vigente en materia de protecci\u00f3n de datos personales, reflejada en la Ley Org\u00e1nica 3\/2018, de 5 de diciembre, de Protecci\u00f3n de Datos Personales y de Garant\u00eda de Derechos Digitales (LOPD GDD). Cumple tambi\u00e9n con el Reglamento (UE) 2016\/679 del Parlamento Europeo y del Consejo de 27 de abril de 2016 relativo a la protecci\u00f3n de las personas f\u00edsicas (RGPD).\n<\/p>\n\n<p>\n\tEl uso de sitio Web implica la aceptaci\u00f3n de esta Pol\u00edtica de Privacidad&nbsp;as\u00ed como las condiciones incluidas en el &nbsp;<a href=\"https:\/\/xaviforcadell.com\/es\/aviso-legal\/\">Aviso Legal<\/a>.\n<\/p>\n\n<h2>Identidad del Responsable<\/h2>\n<p>\n  <ul>    \n    <li>\n      <b>Responsable:<\/b>&nbsp;   \n      Xavi Forcadell.\n      \n    <\/li>\n    \n    <li>\n      <b>NIF:<\/b>&nbsp;52606806X\n      \n    <\/li>\n\n\n    <li>\n      <b>Domicilio:<\/b>&nbsp;\n       Encarnaci\u00f3, 68 Sobre\u00e1ctico 2a,  Barcelona - Espa\u00f1a.\n    <\/li>\n    \n    <li>\n      <b>Correo electr\u00f3nico:<\/b>&nbsp;\n      info@xaviforcadell.com\n    <\/li>\n    \n\n    <li>\n      <b>Sitio Web:<\/b>&nbsp;\n      <a href=\"\">https:\/\/xaviforcadell.com<\/a>\n    <\/li>\n  <\/ul>\n<\/p>\n\n\n<h2>Principios aplicados en el tratamiento de datos<\/h2>\n<p>\n\tEn el tratamiento de sus datos personales, el Titular aplicar\u00e1 los siguientes principios que se ajustan a las exigencias del nuevo reglamento europeo de protecci\u00f3n de datos (RGPD):\n<\/p>\n\n<p>\n  <ul>\n    <li>\n      Principio de licitud, lealtad y transparencia: El Titular siempre requerir\u00e1 el consentimiento para el tratamiento de los datos personales que puede ser para uno o varios fines espec\u00edficos sobre los que el Titular informar\u00e1 al Usuario previamente con absoluta transparencia.\n    <\/li>\n    <li>\n      Principio de minimizaci\u00f3n de datos: El Titular solicitar\u00e1 solo los datos estrictamente necesarios para el fin o los fines que los solicita.\n    <\/li> \n    <li>\n      Principio de limitaci\u00f3n del plazo de conservaci\u00f3n: El Titular mantendr\u00e1 los datos personales recabados durante el tiempo estrictamente necesario para el fin o los fines del tratamiento. El Titular informar\u00e1 al Usuario del plazo de conservaci\u00f3n correspondiente seg\u00fan la finalidad.\n      <br>En el caso de suscripciones, el Titular revisar\u00e1 peri\u00f3dicamente las listas y eliminar\u00e1 aquellos registros inactivos durante un tiempo considerable.\n    <\/li>\n    <li>\n      Principio de integridad y confidencialidad: Los datos personales recabados ser\u00e1n tratados de tal manera que su seguridad, confidencialidad e integridad est\u00e1 garantizada.\n      <br>El Titular toma las precauciones necesarias para evitar el acceso no autorizado o uso indebido de los datos de sus usuarios por parte de terceros.\n    <\/li>\n  <\/ul>\n<\/p>\n\n<h2>Obtenci\u00f3n de datos personales<\/h2>\n<p>\n  Para navegar por el sitio Web no es necesario que facilite ning\u00fan dato personal.\n<\/p>\n\n<p>\n  Los casos en los que usted s\u00ed proporciona sus datos personales son los siguientes:\n<\/p>\n<p>\n  <ul>    \n      <li>Al realizar un comentario en un art\u00edculo o en una p\u00e1gina.<\/li>\n      <li>Al inscribirse en un formulario de suscripci\u00f3n o un bolet\u00edn que el Titular gestiona con MailChimp.<\/li>\n  <\/ul>\n<\/p>\n\n<h2>Derechos<\/h2>\n<p>\n  El Titular le informa que sobre sus datos personales tiene derecho a:\n<\/p>\n<p>\n  <ul>\n    <li>Solicitar el acceso a los datos almacenados.<\/li>\n    <li>Solicitar una rectificaci\u00f3n o la supresi\u00f3n.<\/li>\n    <li>Solicitar la limitaci\u00f3n de su tratamiento.<\/li>\n    <li>Oponerse al tratamiento.<\/li>\n  <\/ul>\n<\/p>\n<p>\n  No puede ejercitar el derecho a la portabilidad de los datos.\n<\/p>\n\n<p>\n  El ejercicio de estos derechos es personal y por tanto debe ser ejercido directamente por el interesado, solicit\u00e1ndolo directamente al Titular, lo que significa que cualquier cliente, suscriptor o colaborador que haya facilitado sus datos en alg\u00fan momento, puede dirigirse al Titular y pedir informaci\u00f3n sobre los datos que tiene almacenados y c\u00f3mo los ha obtenido, solicitar la rectificaci\u00f3n de los mismos, oponerse al tratamiento, limitar su uso o solicitar la supresi\u00f3n de esos datos en los ficheros del Titular.\n<\/p>\n\n<p>  \n  Para ejercitar sus derechos tiene que enviar su petici\u00f3n junto con una fotocopia del Documento Nacional de Identidad o equivalente a&nbsp;\n  la direcci\u00f3n de correo electr\u00f3nico:&nbspinfo@xaviforcadell.com\n<\/p>\n\n<p>\n  El ejercicio de estos derechos no incluye ning\u00fan dato que el Titular est\u00e9 obligado a conservar con fines administrativos, legales o de seguridad.\n<\/p>\n\n<p>\n  Tiene derecho a la tutela judicial efectiva y a presentar una reclamaci\u00f3n ante la autoridad de control, en este caso, la Agencia Espa\u00f1ola de Protecci\u00f3n de Datos, si considera que el tratamiento de datos personales que le conciernen infringe el Reglamento.\n<\/p>\n\n<h2 id=\"finalidad-del-tratamiento-de-datos-personales\">Finalidad del tratamiento de datos personales<\/h2>\n<p>\n  Cuando usted se conecta al Sitio Web para mandar un correo al Titular, escribe un comentario en un art\u00edculo o una p\u00e1gina,  se suscribe a su bolet\u00edn  est\u00e1 facilitando informaci\u00f3n de car\u00e1cter personal de la que el responsable es el Titular. Esta informaci\u00f3n puede incluir datos de car\u00e1cter personal como pueden ser su direcci\u00f3n IP, nombre y apellidos, direcci\u00f3n f\u00edsica, direcci\u00f3n de correo electr\u00f3nico, n\u00famero de tel\u00e9fono, y otra informaci\u00f3n. Al facilitar esta informaci\u00f3n, da su consentimiento para que su informaci\u00f3n sea recopilada, utilizada, gestionada y almacenada por \n  \n  &mdash;\n  Raiola Networks\n  \n  &mdash;\n    s\u00f3lo como se describe en las p\u00e1ginas:\n    <ul>\n      <li><a href=\"https:\/\/xaviforcadell.com\/es\/aviso-legal\/\">Aviso Legal<\/a><\/li>\n      <li><a href=\"https:\/\/xaviforcadell.com\/es\/politica-de-privacidad\/\">Pol\u00edtica de Privacidad<\/a><\/li>\n    <\/ul>\n<\/p>\n<p>\n  Los datos personales y la finalidad del tratamiento por parte del Titular es diferente seg\u00fan el sistema de captura de informaci\u00f3n:\n<\/p>\n<p>\n  <ul>    \n    <li>\n      Formularios de comentarios: El Titular solicita datos personales entre los que pueden estar: nombre y apellidos, direcci\u00f3n de correo electr\u00f3nico, y direcci\u00f3n de sitio Web con la finalidad de responder a los comentarios de los Usuarios.\n    <\/li>   \n    <li>\n      Formularios de suscripci\u00f3n a contenidos: El Titular solicita los siguientes datos personales: nombre y apellidos, direcci\u00f3n de correo electr\u00f3nico, n\u00famero de tel\u00e9fono y direcci\u00f3n de un sitio web para gestionar la lista de suscripciones, enviar boletines, promociones y ofertas especiales. Los datos personales facilitados al Titular estar\u00e1n ubicados en los servidores de The Rocket Science Group LLC d\/b\/a, con domicilio en EEUU. (Mailchimp).\n    <\/li>\n  <\/ul> \n<\/p>\n<p>   \n  Existen otras finalidades por las que el Titular trata datos personales:\n<\/p>\n<p>\n  <ul>\n    <li>\n      Para garantizar el cumplimiento de las condiciones recogidas en la p\u00e1gina de Aviso Legal y de  la ley aplicable. Esto puede incluir el desarrollo de herramientas y algoritmos que ayuden al Sitio Web a garantizar la confidencialidad de los datos personales que recoge.\n    <\/li>\n    <li>\n      Para apoyar y mejorar los servicios que ofrece este Sitio Web.\n    <\/li>\n    <li>\n      Para analizar la navegaci\u00f3n de los usuarios. El Titular recoge otros datos no identificativos que se obtienen mediante el uso de cookies que se descargan en el ordenador del Usuario cuando navega por el Sitio Web cuyas caracter\u00edsticas y finalidad est\u00e1n detalladas en la p\u00e1gina de  <a href=\"https:\/\/xaviforcadell.com\/es\/politica-de-cookies\/\">Pol\u00edtica de Cookies<\/a>.\n    <\/li>\n    <li>\n      <p>\n      Para gestionar las redes sociales. El Titular tiene presencia en redes sociales.\n        Si usted se hace seguidor en las redes sociales del Titular el tratamiento de los datos personales se regir\u00e1 por este apartado, as\u00ed como por aquellas condiciones de uso, pol\u00edticas de privacidad y normativas de acceso que pertenezcan a la red social que proceda en cada caso y que ha aceptado previamente.\n        <br>\n        Puede consultar las pol\u00edticas de privacidad de las principales redes sociales en estos enlaces:\n      <\/p>\n      <p>     \n      <ul>\n        <li><a href=\"https:\/\/www.facebook.com\/help\/cookies\" rel=\"nofollow\" target=\"_blank\">Facebook<\/a><\/li>\n        <li><a href=\"https:\/\/twitter.com\/privacy\" rel=\"nofollow\" target=\"_blank\">Twitter<\/a><\/li>\n        <li><a href=\"https:\/\/www.linkedin.com\/legal\/cookie-policy\" rel=\"nofollow\" target=\"_blank\">Linkedin<\/a><\/li>\n        <li><a href=\"https:\/\/www.youtube.com\/privacy\" rel=\"nofollow\" target=\"_blank\">YouTube<\/a><\/li>\n        <li><a href=\"https:\/\/www.instagram.com\/legal\/privacy\/\" rel=\"nofollow\" target=\"_blank\">Instagram<\/a><\/li>\n      <\/ul>\n      <\/p>\n      <p>\n        El Titular tratar\u00e1 sus datos personales con la finalidad de administrar correctamente su presencia en la red social, informarle de sus actividades, as\u00ed como para cualquier otra finalidad que las normativas de las redes sociales permiten.\n      <\/p>\n      <p>\n        En ning\u00fan caso el Titular utilizar\u00e1 los perfiles de seguidores en redes sociales para enviar publicidad de manera individual.\n      <\/p>\n    <\/li>\n  <\/ul>\n<\/p>\n\n\n<h2>Seguridad de los datos personales<\/h2>\n<p>\n  Para proteger sus datos personales, el Titular toma todas las precauciones razonables y sigue las mejores pr\u00e1cticas de la industria para evitar su p\u00e9rdida, mal uso, acceso indebido, divulgaci\u00f3n, alteraci\u00f3n o destrucci\u00f3n de los mismos.\n<\/p>\n  <p>\n    El sitio Web est\u00e1 alojado en:  Raiola Networks. La seguridad de los datos est\u00e1 garantizada, ya que toman todas las medidas de seguridad necesarias para ello. Puede consultar su pol\u00edtica de privacidad para tener m\u00e1s informaci\u00f3n.\n  <\/p>\n\n\n  <p>\n    El Titular informa al Usuario de que sus datos personales no ser\u00e1n cedidos a terceras organizaciones, con la salvedad de que dicha cesi\u00f3n de datos est\u00e9 amparada en una obligaci\u00f3n legal o cuando la prestaci\u00f3n de un servicio implique la necesidad de una relaci\u00f3n contractual con un encargado de tratamiento. En este \u00faltimo caso, solo se llevar\u00e1 a cabo la cesi\u00f3n de datos al tercero cuando el Titular disponga del consentimiento expreso del Usuario.\n  <\/p>\n  <p>\n    Sin embargo, en algunos casos se pueden realizar colaboraciones con otros profesionales, en esos casos, se requerir\u00e1 consentimiento al Usuario informando sobre la identidad del colaborador y la finalidad de la colaboraci\u00f3n. Siempre se realizar\u00e1 con los m\u00e1s estrictos est\u00e1ndares de seguridad.\n  <\/p>\n\n\n<h2>Contenido de otros sitios web<\/h2>\n<p>\n  Las p\u00e1ginas de este sitio Web pueden incluir contenido incrustado (por ejemplo, v\u00eddeos, im\u00e1genes, art\u00edculos, etc.). El contenido incrustado de otras web se comporta exactamente de la misma manera que si hubiera visitado la otra web.\n<\/p>\n<p>\n  Estos sitios Web pueden recopilar datos sobre usted, utilizar cookies, incrustar un c\u00f3digo de seguimiento adicional de terceros, y supervisar su interacci\u00f3n usando este c\u00f3digo.\n<\/p>\n\n\n<h2>Pol\u00edtica de Cookies<\/h2>\n<p>\n  Para que este sitio Web funcione correctamente necesita utilizar cookies, que es una informaci\u00f3n que se almacena en su navegador web. \n  \n  <p>\n    Puede consultar toda la informaci\u00f3n relativa a la pol\u00edtica de recogida y tratamiento de las cookies en la p\u00e1gina de  <a href=\"https:\/\/xaviforcadell.com\/es\/politica-de-cookies\/\">Pol\u00edtica de Cookies<\/a>.\n  <\/p>\n<\/p>\n\n\n\n<h2>Legitimaci\u00f3n para el tratamiento de datos<\/h2>\n<p>\n  La base legal para el tratamiento de sus datos es:\n  <ul>\n    <li>\n      El consentimiento del interesado.\n    <\/li> \n  <\/ul>\n<\/p>\n\n\n<h2>Categor\u00edas de datos personales<\/h2>\n<p>\n  Las categor\u00edas de datos personales que trata el Titular son:\n<\/p>\n<p>\n  <ul>    \n    <li>Datos identificativos.<\/li>\n    <li>No se tratan categor\u00edas de datos especialmente protegidos.<\/li>\n  <\/ul>\n<\/p>\n\n\n<h2>Conservaci\u00f3n de datos personales<\/h2>\n<p>  \n  Los datos personales proporcionados al Titular se conservar\u00e1n hasta que solicite su supresi\u00f3n.\n<\/p>\n\n\n<div id=\"destinatarios\">\n<h2>Destinatarios de datos personales<\/h2>\n<p>\n  <ul>  \n    <li>\n      <b>Mailchimp<\/b> The Rocket Science Group LLC d\/b\/a , con domicilio en EEUU.\n      <br>M\u00e1s informaci\u00f3n en:&nbsp;<a href=\"https:\/\/mailchimp.com\/legal\/privacy\/\" rel=\"nofollow\" target=\"_blank\">https:\/\/mailchimp.com<\/a>\n      <br>The Rocket Science Group LLC d\/b\/a trata los datos con la finalidad de prestar sus servicios de email marketing al Titular.\n    <\/li>\n    <li>\n      <b>Google Analytics<\/b> es un servicio de anal\u00edtica web prestado por Google, Inc., una compa\u00f1\u00eda de Delaware cuya oficina principal est\u00e1 en 1600 Amphitheatre Parkway, Mountain View (California), CA 94043, Estados Unidos (&quot;Google&quot;).      \n      <br>Google Analytics utiliza &quot;cookies&quot;, que son archivos de texto ubicados en tu ordenador, para ayudar al Titular a analizar el uso que hacen los Usuarios del sitio Web. La informaci\u00f3n que genera la cookie acerca del uso del sitio Web (incluyendo la direcci\u00f3n IP) ser\u00e1 directamente transmitida y archivada por Google en los servidores de Estados Unidos.\n      <br>M\u00e1s informaci\u00f3n en:&nbsp;<a href=\"https:\/\/policies.google.com\/privacy?hl=es-ES\" rel=\"nofollow\" target=\"_blank\">https:\/\/analytics.google.com<\/a>\n    <\/li>   \n  <\/ul>\n<\/p>\n<\/div>\n\n  <p>\n    Puede consultar como Google gestiona la privacidad en lo que respecta al uso de las cookies y otra informaci\u00f3n en la p\u00e1gina de Pol\u00edtica de privacidad de Google:&nbsp;<a target=\"_blank\" href=\"https:\/\/policies.google.com\/privacy?hl=es\" rel=\"nofollow\">https:\/\/policies.google.com\/privacy?hl=es<\/a>\n  <\/p>\n  \n  <p>\n    Tambi\u00e9n puede ver una lista de los tipos de cookies que utiliza Google y sus colaboradores y toda la informaci\u00f3n relativa al uso que hacen de las cookies publicitarias en:\n  <\/p>\n    <ul>\n      <li><a target=\"_blank\" href=\"https:\/\/policies.google.com\/technologies\/types?hl=es\" rel=\"nofollow\">Tipos de cookies que utiliza Google<\/a><\/li>\n      <li><a target=\"_blank\" rel=\"nofollow\" href=\"https:\/\/policies.google.com\/technologies\/ads?hl=es\">C\u00f3mo utiliza Google las cookies en publicidad<\/a>.<\/li>\n    <\/ul>\n\n\n<h2>Navegaci\u00f3n Web<\/h2>\n<p>\n  Al navegar por el Sitio Web se pueden recoger datos no identificativos, que pueden incluir, la direcci\u00f3n IP, geolocalizaci\u00f3n, un registro de c\u00f3mo se utilizan los servicios y sitios, h\u00e1bitos de navegaci\u00f3n y otros datos que no pueden ser utilizados para identificarle.\n<\/p>\n\n<p>\n  El sitio Web utiliza los siguientes servicios de an\u00e1lisis de terceros:\n<\/p>\n\n<p>\n  <ul>\n    <li>Google Analytics.<\/li>\n    \n    \n  <\/ul>\n<\/p>\n<p>\n  El Titular utiliza la informaci\u00f3n obtenida para obtener datos estad\u00edsticos, analizar tendencias, administrar el sitio, estudiar patrones de navegaci\u00f3n y para recopilar informaci\u00f3n demogr\u00e1fica.\n<\/p>\n<p>\n  El Titular no se hace responsable del tratamiento de los datos personales que realicen las p\u00e1ginas web a las que pueda acceder a trav\u00e9s de los distintos enlaces que contiene el Sitio Web.\n<\/p>\n\n\n<h2>Exactitud y veracidad de los datos personales<\/h2>\n<p>\n  Usted se compromete a que los datos facilitados al Titular sean correctos, completos, exactos y vigentes, as\u00ed como a mantenerlos debidamente actualizados.\n<\/p>\n<p>\n  Como Usuario del Sitio Web es el \u00fanico responsable de la veracidad y correcci\u00f3n de los datos remitidos al Sitio Web exonerando al Titular de cualquier responsabilidad al respecto.\n<\/p>\n\n\n<h2>Aceptaci\u00f3n y consentimiento<\/h2>\n<p> \n  Como Usuario del Sitio Web declara haber sido informado de las condiciones sobre protecci\u00f3n de datos de car\u00e1cter personal, acepta y consiente el tratamiento de los mismos por parte del Titular en la forma y para las finalidades indicadas en esta Pol\u00edtica de Privacidad.\n<\/p>\n<p>\n  Para contactar con el Titular, suscribirse a un bolet\u00edn o realizar comentarios en este sitio Web tiene que aceptar la presente Pol\u00edtica de Privacidad.\n<\/p>\n\n\n<h2>Cambios en la Pol\u00edtica de Privacidad<\/h2>\n<p>\n  El Titular se reserva el derecho a modificar la presente Pol\u00edtica de Privacidad para adaptarla a novedades legislativas o jurisprudenciales, as\u00ed como a pr\u00e1cticas de la industria.\n<\/p>\n<p> \n  Estas pol\u00edticas estar\u00e1n vigentes hasta que sean modificadas por otras debidamente publicadas.\n<\/p>\n\t\t<div data-elementor-type=\"wp-page\" data-elementor-id=\"6\" class=\"elementor elementor-6\" data-elementor-post-type=\"page\">\n\t\t\t\t\t\t<section class=\"elementor-section elementor-top-section elementor-element elementor-element-fa197ed elementor-section-boxed elementor-section-height-default elementor-section-height-default\" data-id=\"fa197ed\" data-element_type=\"section\">\n\t\t\t\t\t\t<div class=\"elementor-container elementor-column-gap-default\">\n\t\t\t\t\t<div class=\"elementor-column elementor-col-100 elementor-top-column elementor-element elementor-element-5c286ed\" data-id=\"5c286ed\" data-element_type=\"column\">\n\t\t\t<div class=\"elementor-widget-wrap elementor-element-populated\">\n\t\t\t\t\t\t<div class=\"elementor-element elementor-element-49bbb5d elementor-widget elementor-widget-text-editor\" data-id=\"49bbb5d\" data-element_type=\"widget\" data-widget_type=\"text-editor.default\">\n\t\t\t\t<div class=\"elementor-widget-container\">\n\t\t\t\t\t\t\t\t\t<p>\u201cXavi Forcadell\u201d se encuentra profundamente comprometido con el cumplimiento de la normativa espa\u00f1ola de protecci\u00f3n de datos de car\u00e1cter personal, y garantiza el cumplimiento \u00edntegro de las obligaciones dispuestas, as\u00ed como la implementaci\u00f3n de las medidas de seguridad dispuestas en el art. 9 de la Ley 15\/1999, de Protecci\u00f3n de Datos de Car\u00e1cter Personal (LOPD) y su Reglamento de Desarrollo, as\u00ed como para el cumplimiento del Reglamento General de Protecci\u00f3n de Datos (RGPD) (UE) 2016\/679. De conformidad con estas normativas, informamos que la utilizaci\u00f3n de nuestra p\u00e1gina web puede requerir que se faciliten ciertos datos personales a trav\u00e9s de formularios de registro o contacto, o mediante el env\u00edo de emails, y que \u00e9stos ser\u00e1n objeto de tratamiento por \u201cXavi Forcadell\u201d, Responsable del tratamiento, cuyos datos son:<\/p><p><span style=\"text-decoration: underline;\">Responsable<\/span><strong>:<\/strong> Xavi Forcadell y Drago<br \/><span style=\"text-decoration: underline;\">Domicilio Social<\/span>:\u00a0 Av. Aragonesa, 35 Esc B \u00c0tic 4a &#8211; 43870 Amposta<\/p><p><strong>OBTENCI\u00d3N Y TRATAMIENTO DE DATOS<\/strong><\/p><p>\u201cXavi Forcadell\u201d, como Responsable del Tratamiento, tiene el deber de informar a los usuarios de su sitio web acerca de la recogida de datos de car\u00e1cter personal que pueden llevarse a cabo, bien sea mediante el env\u00edo de correo electr\u00f3nico o al cumplimentar los formularios incluidos en el sitio web. Se obtendr\u00e1n \u00fanicamente los datos precisos para poder realizar el servicio contratado, o para poder responder adecuadamente a la petici\u00f3n de informaci\u00f3n realizada por el Usuario.<\/p><p><strong>Formularios de contacto\/email<\/strong><\/p><p><span style=\"text-decoration: underline;\">Finalidad:<\/span> Dar contestaci\u00f3n a su solicitud de informaci\u00f3n realizada a trav\u00e9s de nuestro\/s formulario\/s de contacto.<br \/><span style=\"text-decoration: underline;\">Legitimaci\u00f3n:<\/span> La base jur\u00eddica que legitima este tratamiento es el consentimiento del Usuario, que podr\u00e1 revocar en cualquier momento.<br \/>Cesi\u00f3n de datos: Los datos personales ser\u00e1n tratados a trav\u00e9s de servidores gestionados por\u00a0Raiola Networks, que tendr\u00e1 la consideraci\u00f3n de Encargado del Tratamiento. Adem\u00e1s, Nuestro prestador de servicios de correo electr\u00f3nico, a trav\u00e9s de los cuales se realizar\u00e1n las comunicaciones, es Google, LLC, a trav\u00e9s de Google Suite.\u00a0<\/p><p><strong>Formularios de alta en lista de correo (newsletter)<\/strong><\/p><p><span style=\"text-decoration: underline;\">Finalidad<\/span>: Env\u00edo de comunicaciones comerciales de inter\u00e9s para el Usuario. Tal y como establece la LSSICE, \u201cXavi Forcadell\u201d se compromete a no remitir comunicaciones comerciales sin identificarlas como tales. A estos efectos, no ser\u00e1 considerada como comunicaci\u00f3n comercial la informaci\u00f3n enviada a los clientes para el mantenimiento de la relaci\u00f3n contractual existente.<br \/><span style=\"text-decoration: underline;\">Legitimaci\u00f3n<\/span>: La base jur\u00eddica que legitima este tratamiento es el consentimiento del Usuario, que podr\u00e1 revocar en cualquier momento.<br \/>Cesi\u00f3n de datos: Los datos personales ser\u00e1n tratados a trav\u00e9s de servidores gestionados por Mailchimp, que tendr\u00e1 la consideraci\u00f3n de Encargado del Tratamiento.\u00a0<\/p><p><strong>Formularios de registro\/alta de cliente<\/strong><\/p><p><span style=\"text-decoration: underline;\">Finalidades<\/span>:<\/p><ul><li>Gestionar su alta de Usuario en nuestra p\u00e1gina web.<\/li><li>Gestionar las compras realizadas en nuestra p\u00e1gina web.<\/li><li>Proporcionar informaci\u00f3n acerca de la tramitaci\u00f3n y el estado de las compras.<\/li><li>Registro hist\u00f3rico de las compras realizadas en nuestra p\u00e1gina web.<\/li><li>Env\u00edo de comunicaciones v\u00eda email y\/o tel\u00e9fono, con el fin de informar al Usuario de posibles incidencias, errores, problemas y\/o estado de los pedidos.\u00a0<\/li><\/ul><p><span style=\"text-decoration: underline;\">Legitimaci\u00f3n<\/span>: La base jur\u00eddica que legitima este tratamiento es la ejecuci\u00f3n de un contrato.<\/p><p><span style=\"text-decoration: underline;\">Cesi\u00f3n de datos<\/span>: \u201cXavi Forcadell\u201d no ceder\u00e1 ni comunicar\u00e1 a ning\u00fan tercero tus datos, excepto en los casos legalmente previstos o cuando la prestaci\u00f3n de un servicio implique la necesidad de una relaci\u00f3n contractual con un Encargado de Tratamiento. As\u00ed, el Usuario acepta que algunos de los datos personales recabados sean facilitados a estos Encargados del Tratamiento (plataformas de pago, gestor\u00eda, intermediarios, etc.), cuando sea necesario para la efectiva realizaci\u00f3n del servicio contratado. El usuario acepta tambi\u00e9n que alguno de los servicios puedan ser, total o parcialmente, subcontratados a otras personas o empresas, que tendr\u00e1n la consideraci\u00f3n de Encargados del Tratamiento, con los que se ha convenido el correspondiente contrato de confidencialidad, o adherido a sus pol\u00edticas de privacidad, establecidas en sus respectivas p\u00e1ginas web. El usuario podr\u00e1 negarse a la cesi\u00f3n de tus datos a los Encargados del Tratamiento, mediante petici\u00f3n escrita, por cualquiera de los medios anteriormente referenciados.<\/p><p>Adem\u00e1s, en aquellos casos en que sea necesario, los datos de Clientes podr\u00e1n ser cedidos a determinados organismos, en cumplimiento una obligaci\u00f3n legal: Agencia Tributaria Espa\u00f1ola, entidades bancarias, Inspecci\u00f3n de Trabajo, etc.<\/p><p><strong>MEDIDAS DE SEGURIDAD<\/strong><\/p><p>Se informa a los usuarios de que, en \u201cXavi Forcadell\u201d, se\u00a0han adoptado las medidas t\u00e9cnicas y organizativas conforme a lo dispuesto en la normativa de protecci\u00f3n de datos. Los datos personales que se recogen en los formularios son objeto de tratamiento, \u00fanicamente,\u00a0por parte del personal de \u201cXavi Forcadell\u201d o de los Encargados del Tratamiento aqu\u00ed establecidos.<\/p><p>Se han adoptado las medidas de seguridad adecuadas a los datos que se facilitan y, adem\u00e1s, se han instalado todos los medios y medidas t\u00e9cnicas a su alcance para evitar la p\u00e9rdida, mal uso, alteraci\u00f3n, acceso no autorizado y robo de los datos que nos facilitan.<\/p><p>El Sitio Web de \u201cXavi Forcadell\u201d cuenta, adem\u00e1s con un cifrado SSL, que permite al Usuario el env\u00edo seguro de sus datos personales a trav\u00e9s de los formularios de contacto del sitio web.<\/p><p><strong>VERACIDAD DE LOS DATOS<\/strong><\/p><p>El Usuario manifiesta que todos los datos facilitados por \u00e9l son ciertos y correctos y se compromete a mantenerlos actualizados. El usuario responder\u00e1 de la veracidad de sus datos y ser\u00e1 el \u00fanico responsable de cuantos conflictos o litigios pudieran resultar por la falsedad de los mismos. Es importante que, para que podamos mantener los datos personales actualizados, el usuario informe a \u201cXavi Forcadell\u201d siempre que haya habido alguna modificaci\u00f3n en los mismos.<\/p><p><strong>EJERCICIO DE DERECHOS<\/strong><\/p><p>La LOPD y el RGPD conceden a los interesados la posibilidad de ejercer una serie de derechos relacionados con el tratamiento de sus datos personales. Para ello, el usuario deber\u00e1 dirigirse, aportando documentaci\u00f3n que acredite su identidad (DNI o pasaporte), mediante correo electr\u00f3nico a info@xaviforcadell.com, o bien mediante comunicaci\u00f3n escrita a la direcci\u00f3n que aparece en nuestro Aviso Legal. Dicha comunicaci\u00f3n deber\u00e1 reflejar la siguiente informaci\u00f3n: nombre y apellidos del Usuario, la petici\u00f3n de solicitud, el domicilio y los datos acreditativos.<\/p><p>El ejercicio de derechos deber\u00e1 ser realizado por el propio Usuario. No obstante, podr\u00e1n ser ejecutados por una persona autorizada como representante legal del Usuario, aport\u00e1ndose la documentaci\u00f3n que acredite dicha representaci\u00f3n.<\/p><p>El usuario podr\u00e1 solicitar el ejercicio de los derechos siguientes:<\/p><ul><li>Derecho a solicitar el acceso a los datos personales.<\/li><li>Derecho a solicitar su rectificaci\u00f3n (en caso de que sean incorrectos) o supresi\u00f3n.<\/li><li>Derecho a solicitar la limitaci\u00f3n de su tratamiento, en cuyo caso \u00fanicamente ser\u00e1n conservados por \u201cXavi Forcadell\u201d para el ejercicio o la defensa de reclamaciones.<\/li><li>Derecho a oponerse al tratamiento: \u201cXavi Forcadell\u201d dejar\u00e1 de tratar sus datos, salvo que por motivos leg\u00edtimos o el ejercicio o la defensa de posibles reclamaciones se tengan que seguir tratando.<\/li><li>Derecho a la\u00a0portabilidad\u00a0de los datos: en caso de que quiera que sus datos sean tratados por otra empresa, \u201cXavi Forcadell\u201d le facilitar\u00e1 la portabilidad de sus datos en formato exportable.\u00a0<\/li><\/ul><p>En el caso de que se haya otorgado el consentimiento para alguna finalidad espec\u00edfica,\u00a0el usuario tiene derecho a retirar el consentimiento en cualquier momento, sin que ello afecte a la licitud del tratamiento basado en el consentimiento previo a su retirada.<\/p><p>Si un usuario considera que hay un problema con la forma en que \u201cXavi Forcadell\u201d est\u00e1 manejando sus datos, puede dirigir sus reclamaciones al Responsable de Seguridad o a la autoridad de protecci\u00f3n de datos que corresponda, siendo la Agencia Espa\u00f1ola de Protecci\u00f3n de Datos la indicada en el caso de Espa\u00f1a.<\/p><p><strong>CONSERVACI\u00d3N DE LOS DATOS<\/strong><\/p><p>Los datos de car\u00e1cter personal de los Usuarios que usen el formulario de contacto o de alta en el bolet\u00edn ser\u00e1n tratados durante el tiempo estrictamente necesario para atender a la solicitud de informaci\u00f3n, o hasta que se revoque el consentimiento otorgado.<\/p><p>Por su parte, los datos de car\u00e1cter personal del Cliente ser\u00e1n tratados hasta que finalice la relaci\u00f3n contractual. El per\u00edodo de conservaci\u00f3n de los datos personales ser\u00e1 el m\u00ednimo necesario, pudiendo mantenerse hasta:<\/p><ul><li>4 a\u00f1os: Ley sobre Infracciones y Sanciones en el Orden Social (obligaciones en materia de afiliaci\u00f3n, altas, bajas, cotizaci\u00f3n, pago de salarios\u2026); Arts. 66 y sig. Ley General Tributaria (libros de contabilidad\u2026)<\/li><li>5 a\u00f1os: Art. 1964 C\u00f3digo Civil (acciones personales sin plazo especial)<\/li><li>6 a\u00f1os: Art. 30 C\u00f3digo de Comercio (libros de contabilidad, facturas\u2026)<\/li><li>10 a\u00f1os: Art. 25 Ley de Prevenci\u00f3n del Blanqueo de Capitales y Financiaci\u00f3n del Terrorismo.<\/li><li>Sin plazo: datos desagregados y anonimizados.\u00a0<\/li><\/ul><p>En el caso de que se traten datos de candidatos (C.V.), \u201cXavi Forcadell\u201d podr\u00e1 mantener almacenado su curr\u00edculo un m\u00e1ximo de dos a\u00f1os para incorporarlo a futuras convocatorias, a menos que el candidato se manifieste en contrario.<\/p><p><strong>TRANSFERENCIAS INTERNACIONALES DE DATOS<\/strong><\/p><p>\u201cXavi Forcadell\u201d utiliza los servicios de mailing de\u00a0https:\/\/mailchimp.com\/es\/. El usuario acepta expresamente y de forma inequ\u00edvoca su consentimiento para el tratamiento de sus datos y para la transferencia internacional de los mismos a esta\/s empresa\/s prestadora\/s de servicios.<\/p><p><strong>CONFIDENCIALIDAD<\/strong><\/p><p>La informaci\u00f3n suministrada por el cliente tendr\u00e1, en todo caso, la consideraci\u00f3n de confidencial, sin que pueda ser utilizada para otros fines distintos a los aqu\u00ed descritos. \u201cXavi Forcadell\u201d se obliga a no divulgar ni revelar informaci\u00f3n sobre las pretensiones del Usuario, los motivos del asesoramiento solicitado o la duraci\u00f3n de su relaci\u00f3n con \u00e9ste.<\/p><p><strong>VALIDEZ<\/strong><\/p><p>Esta pol\u00edtica de privacidad y de protecci\u00f3n de datos ha sido redactada a d\u00eda 31 de marzo de 2019, y podr\u00e1 variar en funci\u00f3n de los cambios de normativa y jurisprudencia que se vayan produciendo, siendo responsabilidad del titular de los datos la lectura del documento actualizado, en orden a conocer sus derechos y obligaciones al respecto en cada momento.<\/p>\t\t\t\t\t\t\t\t<\/div>\n\t\t\t\t<\/div>\n\t\t\t\t\t<\/div>\n\t\t<\/div>\n\t\t\t\t\t<\/div>\n\t\t<\/section>\n\t\t\t\t<\/div>\n\t\t","protected":false},"excerpt":{"rendered":"<p>El Titular le informa sobre su Pol\u00edtica de Privacidad respecto del tratamiento y protecci\u00f3n de los datos de car\u00e1cter personal [&hellip;]<\/p>\n","protected":false},"author":1,"featured_media":0,"parent":0,"menu_order":0,"comment_status":"closed","ping_status":"closed","template":"","meta":{"site-sidebar-layout":"no-sidebar","site-content-layout":"default","ast-site-content-layout":"default","site-content-style":"default","site-sidebar-style":"default","ast-global-header-display":"","ast-banner-title-visibility":"","ast-main-header-display":"","ast-hfb-above-header-display":"","ast-hfb-below-header-display":"","ast-hfb-mobile-header-display":"","site-post-title":"disabled","ast-breadcrumbs-content":"","ast-featured-img":"disabled","footer-sml-layout":"","theme-transparent-header-meta":"default","adv-header-id-meta":"","stick-header-meta":"default","header-above-stick-meta":"","header-main-stick-meta":"","header-below-stick-meta":"","astra-migrate-meta-layouts":"default","ast-page-background-enabled":"default","ast-page-background-meta":{"desktop":{"background-color":"var(--ast-global-color-4)","background-image":"","background-repeat":"repeat","background-position":"center center","background-size":"auto","background-attachment":"scroll","background-type":"","background-media":"","overlay-type":"","overlay-color":"","overlay-opacity":"","overlay-gradient":""},"tablet":{"background-color":"","background-image":"","background-repeat":"repeat","background-position":"center center","background-size":"auto","background-attachment":"scroll","background-type":"","background-media":"","overlay-type":"","overlay-color":"","overlay-opacity":"","overlay-gradient":""},"mobile":{"background-color":"","background-image":"","background-repeat":"repeat","background-position":"center center","background-size":"auto","background-attachment":"scroll","background-type":"","background-media":"","overlay-type":"","overlay-color":"","overlay-opacity":"","overlay-gradient":""}},"ast-content-background-meta":{"desktop":{"background-color":"var(--ast-global-color-5)","background-image":"","background-repeat":"repeat","background-position":"center center","background-size":"auto","background-attachment":"scroll","background-type":"","background-media":"","overlay-type":"","overlay-color":"","overlay-opacity":"","overlay-gradient":""},"tablet":{"background-color":"var(--ast-global-color-5)","background-image":"","background-repeat":"repeat","background-position":"center center","background-size":"auto","background-attachment":"scroll","background-type":"","background-media":"","overlay-type":"","overlay-color":"","overlay-opacity":"","overlay-gradient":""},"mobile":{"background-color":"var(--ast-global-color-5)","background-image":"","background-repeat":"repeat","background-position":"center center","background-size":"auto","background-attachment":"scroll","background-type":"","background-media":"","overlay-type":"","overlay-color":"","overlay-opacity":"","overlay-gradient":""}},"footnotes":""},"class_list":["post-6","page","type-page","status-publish","hentry"],"yoast_head":"<!-- This site is optimized with the Yoast SEO plugin v25.5 - https:\/\/yoast.com\/wordpress\/plugins\/seo\/ -->\n<title>Pol\u00edtica de Privacidad - Escola Eduquem per Cr&eacute;ixer<\/title>\n<meta name=\"robots\" content=\"index, follow, max-snippet:-1, max-image-preview:large, max-video-preview:-1\" \/>\n<link rel=\"canonical\" href=\"https:\/\/xaviforcadell.com\/es\/politica-de-privacidad\/\" \/>\n<meta property=\"og:locale\" content=\"es_ES\" \/>\n<meta property=\"og:type\" content=\"article\" \/>\n<meta property=\"og:title\" content=\"Pol\u00edtica de Privacidad - Escola Eduquem per Cr&eacute;ixer\" \/>\n<meta property=\"og:description\" content=\"El Titular le informa sobre su Pol\u00edtica de Privacidad respecto del tratamiento y protecci\u00f3n de los datos de car\u00e1cter personal [&hellip;]\" \/>\n<meta property=\"og:url\" content=\"https:\/\/xaviforcadell.com\/es\/politica-de-privacidad\/\" \/>\n<meta property=\"og:site_name\" content=\"Escola Eduquem per Cr&eacute;ixer\" \/>\n<meta property=\"article:publisher\" content=\"https:\/\/www.facebook.com\/drxaviforcadell\" \/>\n<meta property=\"article:modified_time\" content=\"2022-01-02T19:52:12+00:00\" \/>\n<meta name=\"twitter:card\" content=\"summary_large_image\" \/>\n<meta name=\"twitter:site\" content=\"@drxaviforcadell\" \/>\n<meta name=\"twitter:label1\" content=\"Tiempo de lectura\" \/>\n\t<meta name=\"twitter:data1\" content=\"9 minutos\" \/>\n<script type=\"application\/ld+json\" class=\"yoast-schema-graph\">{\"@context\":\"https:\/\/schema.org\",\"@graph\":[{\"@type\":\"WebPage\",\"@id\":\"https:\/\/xaviforcadell.com\/es\/politica-de-privacidad\/\",\"url\":\"https:\/\/xaviforcadell.com\/es\/politica-de-privacidad\/\",\"name\":\"Pol\u00edtica de Privacidad - Escola Eduquem per Cr&eacute;ixer\",\"isPartOf\":{\"@id\":\"https:\/\/xaviforcadell.com\/#website\"},\"datePublished\":\"2021-04-04T15:33:07+00:00\",\"dateModified\":\"2022-01-02T19:52:12+00:00\",\"breadcrumb\":{\"@id\":\"https:\/\/xaviforcadell.com\/es\/politica-de-privacidad\/#breadcrumb\"},\"inLanguage\":\"es\",\"potentialAction\":[{\"@type\":\"ReadAction\",\"target\":[\"https:\/\/xaviforcadell.com\/es\/politica-de-privacidad\/\"]}]},{\"@type\":\"BreadcrumbList\",\"@id\":\"https:\/\/xaviforcadell.com\/es\/politica-de-privacidad\/#breadcrumb\",\"itemListElement\":[{\"@type\":\"ListItem\",\"position\":1,\"name\":\"Portada\",\"item\":\"https:\/\/xaviforcadell.com\/es\/\"},{\"@type\":\"ListItem\",\"position\":2,\"name\":\"Pol\u00edtica de Privacidad\"}]},{\"@type\":\"WebSite\",\"@id\":\"https:\/\/xaviforcadell.com\/#website\",\"url\":\"https:\/\/xaviforcadell.com\/\",\"name\":\"Escola Eduquem per Cr&eacute;ixer\",\"description\":\"\",\"publisher\":{\"@id\":\"https:\/\/xaviforcadell.com\/#organization\"},\"potentialAction\":[{\"@type\":\"SearchAction\",\"target\":{\"@type\":\"EntryPoint\",\"urlTemplate\":\"https:\/\/xaviforcadell.com\/?s={search_term_string}\"},\"query-input\":{\"@type\":\"PropertyValueSpecification\",\"valueRequired\":true,\"valueName\":\"search_term_string\"}}],\"inLanguage\":\"es\"},{\"@type\":\"Organization\",\"@id\":\"https:\/\/xaviforcadell.com\/#organization\",\"name\":\"Escola Eduquem Per Cr\u00e9ixer\",\"url\":\"https:\/\/xaviforcadell.com\/\",\"logo\":{\"@type\":\"ImageObject\",\"inLanguage\":\"es\",\"@id\":\"https:\/\/xaviforcadell.com\/#\/schema\/logo\/image\/\",\"url\":\"https:\/\/xaviforcadell.com\/wp-content\/uploads\/2021\/05\/Escola-Xavi-Forcadell-logo-250px.png\",\"contentUrl\":\"https:\/\/xaviforcadell.com\/wp-content\/uploads\/2021\/05\/Escola-Xavi-Forcadell-logo-250px.png\",\"width\":250,\"height\":250,\"caption\":\"Escola Eduquem Per Cr\u00e9ixer\"},\"image\":{\"@id\":\"https:\/\/xaviforcadell.com\/#\/schema\/logo\/image\/\"},\"sameAs\":[\"https:\/\/www.facebook.com\/drxaviforcadell\",\"https:\/\/x.com\/drxaviforcadell\",\"https:\/\/www.instagram.com\/xaviforcadell\",\"https:\/\/www.linkedin.com\/in\/xavi-forcadell\",\"https:\/\/www.youtube.com\/c\/xaviforcadell\"]}]}<\/script>\n<!-- \/ Yoast SEO plugin. -->","yoast_head_json":{"title":"Pol\u00edtica de Privacidad - Escola Eduquem per Cr&eacute;ixer","robots":{"index":"index","follow":"follow","max-snippet":"max-snippet:-1","max-image-preview":"max-image-preview:large","max-video-preview":"max-video-preview:-1"},"canonical":"https:\/\/xaviforcadell.com\/es\/politica-de-privacidad\/","og_locale":"es_ES","og_type":"article","og_title":"Pol\u00edtica de Privacidad - Escola Eduquem per Cr&eacute;ixer","og_description":"El Titular le informa sobre su Pol\u00edtica de Privacidad respecto del tratamiento y protecci\u00f3n de los datos de car\u00e1cter personal [&hellip;]","og_url":"https:\/\/xaviforcadell.com\/es\/politica-de-privacidad\/","og_site_name":"Escola Eduquem per Cr&eacute;ixer","article_publisher":"https:\/\/www.facebook.com\/drxaviforcadell","article_modified_time":"2022-01-02T19:52:12+00:00","twitter_card":"summary_large_image","twitter_site":"@drxaviforcadell","twitter_misc":{"Tiempo de lectura":"9 minutos"},"schema":{"@context":"https:\/\/schema.org","@graph":[{"@type":"WebPage","@id":"https:\/\/xaviforcadell.com\/es\/politica-de-privacidad\/","url":"https:\/\/xaviforcadell.com\/es\/politica-de-privacidad\/","name":"Pol\u00edtica de Privacidad - Escola Eduquem per Cr&eacute;ixer","isPartOf":{"@id":"https:\/\/xaviforcadell.com\/#website"},"datePublished":"2021-04-04T15:33:07+00:00","dateModified":"2022-01-02T19:52:12+00:00","breadcrumb":{"@id":"https:\/\/xaviforcadell.com\/es\/politica-de-privacidad\/#breadcrumb"},"inLanguage":"es","potentialAction":[{"@type":"ReadAction","target":["https:\/\/xaviforcadell.com\/es\/politica-de-privacidad\/"]}]},{"@type":"BreadcrumbList","@id":"https:\/\/xaviforcadell.com\/es\/politica-de-privacidad\/#breadcrumb","itemListElement":[{"@type":"ListItem","position":1,"name":"Portada","item":"https:\/\/xaviforcadell.com\/es\/"},{"@type":"ListItem","position":2,"name":"Pol\u00edtica de Privacidad"}]},{"@type":"WebSite","@id":"https:\/\/xaviforcadell.com\/#website","url":"https:\/\/xaviforcadell.com\/","name":"Escola Eduquem per Cr&eacute;ixer","description":"","publisher":{"@id":"https:\/\/xaviforcadell.com\/#organization"},"potentialAction":[{"@type":"SearchAction","target":{"@type":"EntryPoint","urlTemplate":"https:\/\/xaviforcadell.com\/?s={search_term_string}"},"query-input":{"@type":"PropertyValueSpecification","valueRequired":true,"valueName":"search_term_string"}}],"inLanguage":"es"},{"@type":"Organization","@id":"https:\/\/xaviforcadell.com\/#organization","name":"Escola Eduquem Per Cr\u00e9ixer","url":"https:\/\/xaviforcadell.com\/","logo":{"@type":"ImageObject","inLanguage":"es","@id":"https:\/\/xaviforcadell.com\/#\/schema\/logo\/image\/","url":"https:\/\/xaviforcadell.com\/wp-content\/uploads\/2021\/05\/Escola-Xavi-Forcadell-logo-250px.png","contentUrl":"https:\/\/xaviforcadell.com\/wp-content\/uploads\/2021\/05\/Escola-Xavi-Forcadell-logo-250px.png","width":250,"height":250,"caption":"Escola Eduquem Per Cr\u00e9ixer"},"image":{"@id":"https:\/\/xaviforcadell.com\/#\/schema\/logo\/image\/"},"sameAs":["https:\/\/www.facebook.com\/drxaviforcadell","https:\/\/x.com\/drxaviforcadell","https:\/\/www.instagram.com\/xaviforcadell","https:\/\/www.linkedin.com\/in\/xavi-forcadell","https:\/\/www.youtube.com\/c\/xaviforcadell"]}]}},"_links":{"self":[{"href":"https:\/\/xaviforcadell.com\/es\/wp-json\/wp\/v2\/pages\/6","targetHints":{"allow":["GET"]}}],"collection":[{"href":"https:\/\/xaviforcadell.com\/es\/wp-json\/wp\/v2\/pages"}],"about":[{"href":"https:\/\/xaviforcadell.com\/es\/wp-json\/wp\/v2\/types\/page"}],"author":[{"embeddable":true,"href":"https:\/\/xaviforcadell.com\/es\/wp-json\/wp\/v2\/users\/1"}],"replies":[{"embeddable":true,"href":"https:\/\/xaviforcadell.com\/es\/wp-json\/wp\/v2\/comments?post=6"}],"version-history":[{"count":0,"href":"https:\/\/xaviforcadell.com\/es\/wp-json\/wp\/v2\/pages\/6\/revisions"}],"wp:attachment":[{"href":"https:\/\/xaviforcadell.com\/es\/wp-json\/wp\/v2\/media?parent=6"}],"curies":[{"name":"wp","href":"https:\/\/api.w.org\/{rel}","templated":true}]}}