{"id":23273,"date":"2022-09-28T15:19:20","date_gmt":"2022-09-28T13:19:20","guid":{"rendered":"https:\/\/xaviforcadell.com\/?post_type=product&#038;p=23273"},"modified":"2023-09-06T15:22:27","modified_gmt":"2023-09-06T13:22:27","slug":"recursos-de-expresion-corporal","status":"publish","type":"product","link":"https:\/\/xaviforcadell.com\/es\/producto\/recursos-de-expresion-corporal\/","title":{"rendered":"Recursos de Expresi\u00f3n Corporal"},"content":{"rendered":"<p>A lo largo de esta formaci\u00f3n, obtendr\u00e1s recursos que te ayudar\u00e1n a llevar a la pr\u00e1ctica los contenidos de la <strong>Expresi\u00f3n Corporal<\/strong>.<\/p>\n<p>Ser\u00e1n <strong>10 sesiones en directo i vivenciales<\/strong>, en las que experimentar\u00e1s diferentes lenguajes expresivos y descubrir\u00e1s estrategias para motivar a los ni\u00f1os y adolescentes en la realizaci\u00f3n de propuestas de teatro, circo y danza.<\/p>\n<p>\u00c9stas te ayudar\u00e1n a estimularles, a sacar el artista que lleven dentro y les favorecer\u00e1s su desarrollo a nivel integral.<\/p>\n<p>Es una formaci\u00f3n <strong>destinada a los docentes de los diferentes niveles educativos<\/strong>, ya que se dar\u00e1n pautas para cada una de las etapas.<\/p>\n<p>A lo largo de la formaci\u00f3n vas a:<\/p>\n<ul>\n<li><em>Ampliar los recursos pr\u00e1cticos de trabajo de la Expresi\u00f3n Corporal.<\/em><\/li>\n<li><em>Explorar distintas posibilidades de expresi\u00f3n a trav\u00e9s del cuerpo, el gesto y el movimiento.<\/em><\/li>\n<li><em>Establecer unas estrategias de trabajo de los bailes y danzas.<\/em><\/li>\n<li><em>Favorecer la desinhibici\u00f3n y motivaci\u00f3n hacia las propuestas de teatro, danza y circo.<\/em><\/li>\n<li><em>Concretar el proceso de creaci\u00f3n de un espect\u00e1culo.<\/em><\/li>\n<li><em>Descubrir la importancia de la Expresi\u00f3n Corporal para el desarrollo global del ni\u00f1o y el adolescente.<\/em><\/li>\n<\/ul>\n<p>El trabajo se llevar\u00e1 a cabo mediante una <strong>metodolog\u00eda activa, participativa, reflexiva, cooperativa y que favorecer\u00e1 la libre exploraci\u00f3n<\/strong> para que todas las personas asistentes puedan realizar las diferentes propuestas seg\u00fan sus propias caracter\u00edsticas.<\/p>\n<p>A lo largo de las diferentes sesiones, nos centraremos en:<\/p>\n<ul>\n<li><em>La experimentaci\u00f3n del cuerpo y del movimiento en la expresi\u00f3n de emociones, sentimientos, situaciones cotidianas y personajes.<\/em><\/li>\n<li><em>La utilizaci\u00f3n de objetos y materiales como instrumentos de expresi\u00f3n y comunicaci\u00f3n.<\/em><\/li>\n<li><em>La realizaci\u00f3n de diferentes tipos de bailes y danzas.<\/em><\/li>\n<li><em>La elaboraci\u00f3n de forma conjunta y constructiva de un espect\u00e1culo de teatro, danza y circo.<\/em><\/li>\n<\/ul>\n<p>El trabajo de preparar el espect\u00e1culo final de forma colectiva est\u00e1 enfocado <strong>para ayudarte a integrar los distintos contenidos trabajados<\/strong>.<\/p>\n<p>Los <strong>criterios de evaluaci\u00f3n<\/strong> para superar esta formaci\u00f3n ser\u00e1n los siguientes:<\/p>\n<ul>\n<li>Asistir al 80% de las sesiones en directo.<\/li>\n<li>Participar activamente en las distintas propuestas realizadas.<\/li>\n<li>Realizar aportaciones relacionadas con las tem\u00e1ticas tratadas.<\/li>\n<li>Tener una actitud cooperativa y respetuosa con las dem\u00e1s personas de la formaci\u00f3n.<\/li>\n<\/ul>\n<p><strong>Calendario de las sesiones<\/strong> (mi\u00e9rcoles 18-20:30h):<\/p>\n<p>19-26 de octubre<\/p>\n<p>2, 9, 16, 23 i 30 de noviembre<\/p>\n<p>14 i 21 de diciembre<\/p>\n<p>11 de enero<\/p>\n<p>&nbsp;<\/p>\n<p>Plazas limitadas<\/p>\n","protected":false},"excerpt":{"rendered":"<p>A lo largo de esta formaci\u00f3n, obtendr\u00e1s recursos que te ayudar\u00e1n a llevar a la pr\u00e1ctica los contenidos de la [&hellip;]<\/p>\n","protected":false},"featured_media":23294,"template":"","meta":{"site-sidebar-layout":"default","site-content-layout":"default","ast-site-content-layout":"default","site-content-style":"default","site-sidebar-style":"default","ast-global-header-display":"","ast-banner-title-visibility":"","ast-main-header-display":"","ast-hfb-above-header-display":"","ast-hfb-below-header-display":"","ast-hfb-mobile-header-display":"","site-post-title":"","ast-breadcrumbs-content":null,"ast-featured-img":"","footer-sml-layout":"","ast-disable-related-posts":"","theme-transparent-header-meta":"default","adv-header-id-meta":"","stick-header-meta":"default","header-above-stick-meta":"","header-main-stick-meta":"","header-below-stick-meta":"","astra-migrate-meta-layouts":"default","ast-page-background-enabled":"default","ast-page-background-meta":{"desktop":{"background-color":"var(--ast-global-color-4)","background-image":"","background-repeat":"repeat","background-position":"center center","background-size":"auto","background-attachment":"scroll","background-type":"","background-media":"","overlay-type":"","overlay-color":"","overlay-opacity":"","overlay-gradient":""},"tablet":{"background-color":"","background-image":"","background-repeat":"repeat","background-position":"center center","background-size":"auto","background-attachment":"scroll","background-type":"","background-media":"","overlay-type":"","overlay-color":"","overlay-opacity":"","overlay-gradient":""},"mobile":{"background-color":"","background-image":"","background-repeat":"repeat","background-position":"center center","background-size":"auto","background-attachment":"scroll","background-type":"","background-media":"","overlay-type":"","overlay-color":"","overlay-opacity":"","overlay-gradient":""}},"ast-content-background-meta":{"desktop":{"background-color":"var(--ast-global-color-5)","background-image":"","background-repeat":"repeat","background-position":"center center","background-size":"auto","background-attachment":"scroll","background-type":"","background-media":"","overlay-type":"","overlay-color":"","overlay-opacity":"","overlay-gradient":""},"tablet":{"background-color":"var(--ast-global-color-5)","background-image":"","background-repeat":"repeat","background-position":"center center","background-size":"auto","background-attachment":"scroll","background-type":"","background-media":"","overlay-type":"","overlay-color":"","overlay-opacity":"","overlay-gradient":""},"mobile":{"background-color":"var(--ast-global-color-5)","background-image":"","background-repeat":"repeat","background-position":"center center","background-size":"auto","background-attachment":"scroll","background-type":"","background-media":"","overlay-type":"","overlay-color":"","overlay-opacity":"","overlay-gradient":""}},"_members_access_role":[],"_members_access_error":""},"product_brand":[],"product_cat":[85],"product_tag":[],"class_list":["post-23273","product","type-product","status-publish","has-post-thumbnail","product_cat-expresion-corporal","desktop-align-left","tablet-align-left","mobile-align-left","ast-product-gallery-layout-horizontal-slider","ast-product-gallery-with-no-image","ast-product-tabs-layout-horizontal","first","instock","virtual","sold-individually","purchasable","product-type-course"],"yoast_head":"<!-- This site is optimized with the Yoast SEO plugin v28.0 - https:\/\/yoast.com\/product\/yoast-seo-wordpress\/ -->\n<title>Recursos de Expresi\u00f3n Corporal - Escola Eduquem per Cr&eacute;ixer<\/title>\n<meta name=\"robots\" content=\"index, follow, max-snippet:-1, max-image-preview:large, max-video-preview:-1\" \/>\n<link rel=\"canonical\" href=\"https:\/\/xaviforcadell.com\/es\/producto\/recursos-de-expresion-corporal\/\" \/>\n<meta property=\"og:locale\" content=\"es_ES\" \/>\n<meta property=\"og:type\" content=\"article\" \/>\n<meta property=\"og:title\" content=\"Recursos de Expresi\u00f3n Corporal - Escola Eduquem per Cr&eacute;ixer\" \/>\n<meta property=\"og:description\" content=\"A lo largo de esta formaci\u00f3n, obtendr\u00e1s recursos que te ayudar\u00e1n a llevar a la pr\u00e1ctica los contenidos de la [&hellip;]\" \/>\n<meta property=\"og:url\" content=\"https:\/\/xaviforcadell.com\/es\/producto\/recursos-de-expresion-corporal\/\" \/>\n<meta property=\"og:site_name\" content=\"Escola Eduquem per Cr&eacute;ixer\" \/>\n<meta property=\"article:publisher\" content=\"https:\/\/www.facebook.com\/drxaviforcadell\" \/>\n<meta property=\"article:modified_time\" content=\"2023-09-06T13:22:27+00:00\" \/>\n<meta property=\"og:image\" content=\"https:\/\/xaviforcadell.com\/wp-content\/uploads\/2022\/09\/Formacio-Psicomotricitat19.png\" \/>\n\t<meta property=\"og:image:width\" content=\"1080\" \/>\n\t<meta property=\"og:image:height\" content=\"1080\" \/>\n\t<meta property=\"og:image:type\" content=\"image\/png\" \/>\n<meta name=\"twitter:card\" content=\"summary_large_image\" \/>\n<meta name=\"twitter:site\" content=\"@drxaviforcadell\" \/>\n<meta name=\"twitter:label1\" content=\"Tiempo de lectura\" \/>\n\t<meta name=\"twitter:data1\" content=\"3 minutos\" \/>\n<script type=\"application\/ld+json\" class=\"yoast-schema-graph\">{\"@context\":\"https:\\\/\\\/schema.org\",\"@graph\":[{\"@type\":\"WebPage\",\"@id\":\"https:\\\/\\\/xaviforcadell.com\\\/es\\\/producto\\\/recursos-de-expresion-corporal\\\/\",\"url\":\"https:\\\/\\\/xaviforcadell.com\\\/es\\\/producto\\\/recursos-de-expresion-corporal\\\/\",\"name\":\"Recursos de Expresi\u00f3n Corporal - Escola Eduquem per Cr&eacute;ixer\",\"isPartOf\":{\"@id\":\"https:\\\/\\\/xaviforcadell.com\\\/#website\"},\"primaryImageOfPage\":{\"@id\":\"https:\\\/\\\/xaviforcadell.com\\\/es\\\/producto\\\/recursos-de-expresion-corporal\\\/#primaryimage\"},\"image\":{\"@id\":\"https:\\\/\\\/xaviforcadell.com\\\/es\\\/producto\\\/recursos-de-expresion-corporal\\\/#primaryimage\"},\"thumbnailUrl\":\"https:\\\/\\\/xaviforcadell.com\\\/wp-content\\\/uploads\\\/2022\\\/09\\\/Formacio-Psicomotricitat19.png\",\"datePublished\":\"2022-09-28T13:19:20+00:00\",\"dateModified\":\"2023-09-06T13:22:27+00:00\",\"breadcrumb\":{\"@id\":\"https:\\\/\\\/xaviforcadell.com\\\/es\\\/producto\\\/recursos-de-expresion-corporal\\\/#breadcrumb\"},\"inLanguage\":\"es\",\"potentialAction\":[{\"@type\":\"ReadAction\",\"target\":[\"https:\\\/\\\/xaviforcadell.com\\\/es\\\/producto\\\/recursos-de-expresion-corporal\\\/\"]}]},{\"@type\":\"ImageObject\",\"inLanguage\":\"es\",\"@id\":\"https:\\\/\\\/xaviforcadell.com\\\/es\\\/producto\\\/recursos-de-expresion-corporal\\\/#primaryimage\",\"url\":\"https:\\\/\\\/xaviforcadell.com\\\/wp-content\\\/uploads\\\/2022\\\/09\\\/Formacio-Psicomotricitat19.png\",\"contentUrl\":\"https:\\\/\\\/xaviforcadell.com\\\/wp-content\\\/uploads\\\/2022\\\/09\\\/Formacio-Psicomotricitat19.png\",\"width\":1080,\"height\":1080,\"caption\":\"formaci\u00f3n Expresi\u00f3n Corporal\"},{\"@type\":\"BreadcrumbList\",\"@id\":\"https:\\\/\\\/xaviforcadell.com\\\/es\\\/producto\\\/recursos-de-expresion-corporal\\\/#breadcrumb\",\"itemListElement\":[{\"@type\":\"ListItem\",\"position\":1,\"name\":\"Portada\",\"item\":\"https:\\\/\\\/xaviforcadell.com\\\/es\\\/\"},{\"@type\":\"ListItem\",\"position\":2,\"name\":\"Tienda\",\"item\":\"https:\\\/\\\/xaviforcadell.com\\\/es\\\/pedido-librerias\\\/\"},{\"@type\":\"ListItem\",\"position\":3,\"name\":\"Recursos de Expresi\u00f3n Corporal\"}]},{\"@type\":\"WebSite\",\"@id\":\"https:\\\/\\\/xaviforcadell.com\\\/#website\",\"url\":\"https:\\\/\\\/xaviforcadell.com\\\/\",\"name\":\"Escola Eduquem per Cr&eacute;ixer\",\"description\":\"\",\"publisher\":{\"@id\":\"https:\\\/\\\/xaviforcadell.com\\\/#organization\"},\"potentialAction\":[{\"@type\":\"SearchAction\",\"target\":{\"@type\":\"EntryPoint\",\"urlTemplate\":\"https:\\\/\\\/xaviforcadell.com\\\/?s={search_term_string}\"},\"query-input\":{\"@type\":\"PropertyValueSpecification\",\"valueRequired\":true,\"valueName\":\"search_term_string\"}}],\"inLanguage\":\"es\"},{\"@type\":\"Organization\",\"@id\":\"https:\\\/\\\/xaviforcadell.com\\\/#organization\",\"name\":\"Escola Eduquem Per Cr\u00e9ixer\",\"url\":\"https:\\\/\\\/xaviforcadell.com\\\/\",\"logo\":{\"@type\":\"ImageObject\",\"inLanguage\":\"es\",\"@id\":\"https:\\\/\\\/xaviforcadell.com\\\/#\\\/schema\\\/logo\\\/image\\\/\",\"url\":\"https:\\\/\\\/xaviforcadell.com\\\/wp-content\\\/uploads\\\/2021\\\/05\\\/Escola-Xavi-Forcadell-logo-250px.png\",\"contentUrl\":\"https:\\\/\\\/xaviforcadell.com\\\/wp-content\\\/uploads\\\/2021\\\/05\\\/Escola-Xavi-Forcadell-logo-250px.png\",\"width\":250,\"height\":250,\"caption\":\"Escola Eduquem Per Cr\u00e9ixer\"},\"image\":{\"@id\":\"https:\\\/\\\/xaviforcadell.com\\\/#\\\/schema\\\/logo\\\/image\\\/\"},\"sameAs\":[\"https:\\\/\\\/www.facebook.com\\\/drxaviforcadell\",\"https:\\\/\\\/x.com\\\/drxaviforcadell\",\"https:\\\/\\\/www.instagram.com\\\/xaviforcadell\",\"https:\\\/\\\/www.linkedin.com\\\/in\\\/xavi-forcadell\",\"https:\\\/\\\/www.youtube.com\\\/c\\\/xaviforcadell\"]}]}<\/script>\n<!-- \/ Yoast SEO plugin. -->","yoast_head_json":{"title":"Recursos de Expresi\u00f3n Corporal - Escola Eduquem per Cr&eacute;ixer","robots":{"index":"index","follow":"follow","max-snippet":"max-snippet:-1","max-image-preview":"max-image-preview:large","max-video-preview":"max-video-preview:-1"},"canonical":"https:\/\/xaviforcadell.com\/es\/producto\/recursos-de-expresion-corporal\/","og_locale":"es_ES","og_type":"article","og_title":"Recursos de Expresi\u00f3n Corporal - Escola Eduquem per Cr&eacute;ixer","og_description":"A lo largo de esta formaci\u00f3n, obtendr\u00e1s recursos que te ayudar\u00e1n a llevar a la pr\u00e1ctica los contenidos de la [&hellip;]","og_url":"https:\/\/xaviforcadell.com\/es\/producto\/recursos-de-expresion-corporal\/","og_site_name":"Escola Eduquem per Cr&eacute;ixer","article_publisher":"https:\/\/www.facebook.com\/drxaviforcadell","article_modified_time":"2023-09-06T13:22:27+00:00","og_image":[{"width":1080,"height":1080,"url":"https:\/\/xaviforcadell.com\/wp-content\/uploads\/2022\/09\/Formacio-Psicomotricitat19.png","type":"image\/png"}],"twitter_card":"summary_large_image","twitter_site":"@drxaviforcadell","twitter_misc":{"Tiempo de lectura":"3 minutos"},"schema":{"@context":"https:\/\/schema.org","@graph":[{"@type":"WebPage","@id":"https:\/\/xaviforcadell.com\/es\/producto\/recursos-de-expresion-corporal\/","url":"https:\/\/xaviforcadell.com\/es\/producto\/recursos-de-expresion-corporal\/","name":"Recursos de Expresi\u00f3n Corporal - Escola Eduquem per Cr&eacute;ixer","isPartOf":{"@id":"https:\/\/xaviforcadell.com\/#website"},"primaryImageOfPage":{"@id":"https:\/\/xaviforcadell.com\/es\/producto\/recursos-de-expresion-corporal\/#primaryimage"},"image":{"@id":"https:\/\/xaviforcadell.com\/es\/producto\/recursos-de-expresion-corporal\/#primaryimage"},"thumbnailUrl":"https:\/\/xaviforcadell.com\/wp-content\/uploads\/2022\/09\/Formacio-Psicomotricitat19.png","datePublished":"2022-09-28T13:19:20+00:00","dateModified":"2023-09-06T13:22:27+00:00","breadcrumb":{"@id":"https:\/\/xaviforcadell.com\/es\/producto\/recursos-de-expresion-corporal\/#breadcrumb"},"inLanguage":"es","potentialAction":[{"@type":"ReadAction","target":["https:\/\/xaviforcadell.com\/es\/producto\/recursos-de-expresion-corporal\/"]}]},{"@type":"ImageObject","inLanguage":"es","@id":"https:\/\/xaviforcadell.com\/es\/producto\/recursos-de-expresion-corporal\/#primaryimage","url":"https:\/\/xaviforcadell.com\/wp-content\/uploads\/2022\/09\/Formacio-Psicomotricitat19.png","contentUrl":"https:\/\/xaviforcadell.com\/wp-content\/uploads\/2022\/09\/Formacio-Psicomotricitat19.png","width":1080,"height":1080,"caption":"formaci\u00f3n Expresi\u00f3n Corporal"},{"@type":"BreadcrumbList","@id":"https:\/\/xaviforcadell.com\/es\/producto\/recursos-de-expresion-corporal\/#breadcrumb","itemListElement":[{"@type":"ListItem","position":1,"name":"Portada","item":"https:\/\/xaviforcadell.com\/es\/"},{"@type":"ListItem","position":2,"name":"Tienda","item":"https:\/\/xaviforcadell.com\/es\/pedido-librerias\/"},{"@type":"ListItem","position":3,"name":"Recursos de Expresi\u00f3n Corporal"}]},{"@type":"WebSite","@id":"https:\/\/xaviforcadell.com\/#website","url":"https:\/\/xaviforcadell.com\/","name":"Escola Eduquem per Cr&eacute;ixer","description":"","publisher":{"@id":"https:\/\/xaviforcadell.com\/#organization"},"potentialAction":[{"@type":"SearchAction","target":{"@type":"EntryPoint","urlTemplate":"https:\/\/xaviforcadell.com\/?s={search_term_string}"},"query-input":{"@type":"PropertyValueSpecification","valueRequired":true,"valueName":"search_term_string"}}],"inLanguage":"es"},{"@type":"Organization","@id":"https:\/\/xaviforcadell.com\/#organization","name":"Escola Eduquem Per Cr\u00e9ixer","url":"https:\/\/xaviforcadell.com\/","logo":{"@type":"ImageObject","inLanguage":"es","@id":"https:\/\/xaviforcadell.com\/#\/schema\/logo\/image\/","url":"https:\/\/xaviforcadell.com\/wp-content\/uploads\/2021\/05\/Escola-Xavi-Forcadell-logo-250px.png","contentUrl":"https:\/\/xaviforcadell.com\/wp-content\/uploads\/2021\/05\/Escola-Xavi-Forcadell-logo-250px.png","width":250,"height":250,"caption":"Escola Eduquem Per Cr\u00e9ixer"},"image":{"@id":"https:\/\/xaviforcadell.com\/#\/schema\/logo\/image\/"},"sameAs":["https:\/\/www.facebook.com\/drxaviforcadell","https:\/\/x.com\/drxaviforcadell","https:\/\/www.instagram.com\/xaviforcadell","https:\/\/www.linkedin.com\/in\/xavi-forcadell","https:\/\/www.youtube.com\/c\/xaviforcadell"]}]}},"_links":{"self":[{"href":"https:\/\/xaviforcadell.com\/es\/wp-json\/wp\/v2\/product\/23273","targetHints":{"allow":["GET"]}}],"collection":[{"href":"https:\/\/xaviforcadell.com\/es\/wp-json\/wp\/v2\/product"}],"about":[{"href":"https:\/\/xaviforcadell.com\/es\/wp-json\/wp\/v2\/types\/product"}],"wp:featuredmedia":[{"embeddable":true,"href":"https:\/\/xaviforcadell.com\/es\/wp-json\/wp\/v2\/media\/23294"}],"wp:attachment":[{"href":"https:\/\/xaviforcadell.com\/es\/wp-json\/wp\/v2\/media?parent=23273"}],"wp:term":[{"taxonomy":"product_brand","embeddable":true,"href":"https:\/\/xaviforcadell.com\/es\/wp-json\/wp\/v2\/product_brand?post=23273"},{"taxonomy":"product_cat","embeddable":true,"href":"https:\/\/xaviforcadell.com\/es\/wp-json\/wp\/v2\/product_cat?post=23273"},{"taxonomy":"product_tag","embeddable":true,"href":"https:\/\/xaviforcadell.com\/es\/wp-json\/wp\/v2\/product_tag?post=23273"}],"curies":[{"name":"wp","href":"https:\/\/api.w.org\/{rel}","templated":true}]}}