{"id":24407,"date":"2022-10-30T18:08:14","date_gmt":"2022-10-30T16:08:14","guid":{"rendered":"https:\/\/xaviforcadell.com\/producto\/el-cuento-infantil-una-herramienta-que-ayuda-a-expresar-las-emociones\/"},"modified":"2024-03-16T13:41:32","modified_gmt":"2024-03-16T11:41:32","slug":"el-cuento-infantil-una-herramienta-para-favorecer-la-expresion-de-las-emociones","status":"publish","type":"product","link":"https:\/\/xaviforcadell.com\/es\/producto\/el-cuento-infantil-una-herramienta-para-favorecer-la-expresion-de-las-emociones\/","title":{"rendered":"El Cuento Infantil: una herramienta para favorecer la expresi\u00f3n de las emociones"},"content":{"rendered":"<h4><strong>Durante la formaci\u00f3n, descubrir\u00e1s:<\/strong><\/h4>\n<ul>\n<li>\n<h4><em><strong>Estrategias concretas que ayuden a los ni\u00f1os a expresar sus emociones.<\/strong><\/em><\/h4>\n<\/li>\n<li>\n<h4><em><strong>Los errores que suelen hacerse con los cuentos y as\u00ed poder evitarlos.<\/strong><\/em><\/h4>\n<\/li>\n<li>\n<h4><span class=\"fe5nidar khvhiq1o r5qsrrlp i5tg98hk f9ovudaz przvwfww gx1rr48f gfz4du6o r7fjleex nz2484kf svot0ezm dcnh1tix sxl192xd t3g6t33p\"><span class=\"mpj7bzys xzlurrtv\">\u00a0<em>Como utilizarlos para favorecer el desarrollo cognitivo, emocional, social y motor de los ni\u00f1os y ni\u00f1as.<\/em><\/span><\/span><\/h4>\n<\/li>\n<li>\n<h4><em><strong>Consejos para elegir un cuento de Educaci\u00f3n Emocional adecuada.<\/strong><\/em><\/h4>\n<\/li>\n<li>\n<h4><em><strong>Sus grandes beneficios para la educaci\u00f3n de los ni\u00f1os y ni\u00f1as.<\/strong><\/em><\/h4>\n<\/li>\n<li>\n<h4><em><strong>Recursos pr\u00e1cticos para contar un cuento y conseguir captar su atenci\u00f3n, que lo vivan intensamente y que conecte con su historia personal para hacerlos reflexionar.<\/strong><\/em><\/h4>\n<\/li>\n<\/ul>\n<h4><strong>\u00a0<\/strong><\/h4>\n<h4><strong>Y, por \u00faltimo, \u00a1tendr\u00e1s una <span style=\"color: #ff0000;\">SORPRESA<\/span>!<\/strong><\/h4>\n<h4><strong>\u00a0<\/strong><\/h4>\n<h4><strong>Durante estos \u00faltimos a\u00f1os, he disfrutado mucho realizando <span style=\"color: #ff0000;\">CUENTACUENTOS<\/span> en escuelas, bibliotecas, librer\u00edas, ferias&#8230;<\/strong><\/h4>\n<h4><\/h4>\n<h4><strong><img fetchpriority=\"high\" decoding=\"async\" class=\"wp-image-24697 aligncenter\" src=\"https:\/\/xaviforcadell.com\/wp-content\/uploads\/2022\/10\/Feria-del-Libro-de-Madrid-300x240.png\" alt=\"Cuentacuentos\" width=\"415\" height=\"332\" srcset=\"https:\/\/xaviforcadell.com\/wp-content\/uploads\/2022\/10\/Feria-del-Libro-de-Madrid-300x240.png 300w, https:\/\/xaviforcadell.com\/wp-content\/uploads\/2022\/10\/Feria-del-Libro-de-Madrid-600x480.png 600w, https:\/\/xaviforcadell.com\/wp-content\/uploads\/2022\/10\/Feria-del-Libro-de-Madrid-1024x819.png 1024w, https:\/\/xaviforcadell.com\/wp-content\/uploads\/2022\/10\/Feria-del-Libro-de-Madrid-768x614.png 768w, https:\/\/xaviforcadell.com\/wp-content\/uploads\/2022\/10\/Feria-del-Libro-de-Madrid-1536x1229.png 1536w, https:\/\/xaviforcadell.com\/wp-content\/uploads\/2022\/10\/Feria-del-Libro-de-Madrid.png 2000w\" sizes=\"(max-width: 415px) 100vw, 415px\" \/>\u00a0<\/strong><\/h4>\n<h4><\/h4>\n<h4>Y quisiera que puedas ver la <span style=\"color: #ff0000;\"><em>puesta en pr\u00e1ctica de estas estrategias<\/em><\/span> que favorecen:<\/h4>\n<ul>\n<li>\n<h4><em>La atenci\u00f3n y la participaci\u00f3n de los ni\u00f1os.<\/em><\/h4>\n<\/li>\n<li>\n<h4><em>Su conexci\u00f3n con la historia y reflexi\u00f3n sobre su contenido.<\/em><\/h4>\n<\/li>\n<li>\n<h4><em>El reconocimiento de sus errores.\u00a0<\/em><\/h4>\n<\/li>\n<\/ul>\n<p>&nbsp;<\/p>\n<h4><img decoding=\"async\" class=\"wp-image-24699 aligncenter\" src=\"https:\/\/xaviforcadell.com\/wp-content\/uploads\/2022\/10\/fotoefectos.com_-300x221.jpg\" alt=\"Expresar emociones\" width=\"436\" height=\"321\" srcset=\"https:\/\/xaviforcadell.com\/wp-content\/uploads\/2022\/10\/fotoefectos.com_-300x221.jpg 300w, https:\/\/xaviforcadell.com\/wp-content\/uploads\/2022\/10\/fotoefectos.com_-600x442.jpg 600w, https:\/\/xaviforcadell.com\/wp-content\/uploads\/2022\/10\/fotoefectos.com_-768x566.jpg 768w, https:\/\/xaviforcadell.com\/wp-content\/uploads\/2022\/10\/fotoefectos.com_.jpg 908w\" sizes=\"(max-width: 436px) 100vw, 436px\" \/><\/h4>\n<h4><\/h4>\n<h4><\/h4>\n<h4>Por este motivo, en la parte final de la formaci\u00f3n, <span style=\"color: #ff0000;\"><em>podr\u00e1s ver un Cuentacuentos!<\/em><\/span><\/h4>\n<p>&nbsp;<\/p>\n<h4>Para que puedas comprobar los beneficios de estas estrategias y, despu\u00e9s, <span style=\"color: #ff0000;\"><em>te sea m\u00e1s f\u00e1cil llevarlas a la pr\u00e1ctica<\/em><\/span>.<\/h4>\n<p>&nbsp;<\/p>\n<h4>Me encantar\u00e1 que cuando cuentes los cuentos, vivas situaciones como esta:<\/h4>\n<p>&nbsp;<\/p>\n<h4><img decoding=\"async\" class=\"wp-image-24695 aligncenter\" src=\"https:\/\/xaviforcadell.com\/wp-content\/uploads\/2022\/10\/Feria-del-Libro-de-Madrid1-300x240.png\" alt=\"Feria del Libro de Madrid(1)\" width=\"438\" height=\"350\" srcset=\"https:\/\/xaviforcadell.com\/wp-content\/uploads\/2022\/10\/Feria-del-Libro-de-Madrid1-300x240.png 300w, https:\/\/xaviforcadell.com\/wp-content\/uploads\/2022\/10\/Feria-del-Libro-de-Madrid1-600x480.png 600w, https:\/\/xaviforcadell.com\/wp-content\/uploads\/2022\/10\/Feria-del-Libro-de-Madrid1-1024x819.png 1024w, https:\/\/xaviforcadell.com\/wp-content\/uploads\/2022\/10\/Feria-del-Libro-de-Madrid1-768x614.png 768w, https:\/\/xaviforcadell.com\/wp-content\/uploads\/2022\/10\/Feria-del-Libro-de-Madrid1-1536x1229.png 1536w, https:\/\/xaviforcadell.com\/wp-content\/uploads\/2022\/10\/Feria-del-Libro-de-Madrid1.png 2000w\" sizes=\"(max-width: 438px) 100vw, 438px\" \/><\/h4>\n<h1><\/h1>\n<h1 style=\"text-align: center;\"><span style=\"color: #ffcc00;\">\u00a1ES LA MAGIA DEL CUENTO INFANTIL!<\/span><\/h1>\n<h4><\/h4>\n<h4>Y si quieres, puedes aprovechar la <span style=\"color: #ff0000;\">OFERTA<\/span> para recibir dedicado en tu domicilio* el cuento de Educaci\u00f3n Emocional:<\/h4>\n<p>&nbsp;<\/p>\n<h2 style=\"text-align: center;\"><span style=\"color: #ff6600;\">&#8220;El Cangrejo Juguet\u00f3n&#8221; o &#8220;El Cranc Juganer&#8221;<\/span><\/h2>\n<h4><\/h4>\n<p><img loading=\"lazy\" decoding=\"async\" class=\"size-medium wp-image-24701 aligncenter\" src=\"https:\/\/xaviforcadell.com\/wp-content\/uploads\/2022\/10\/Feria-del-Libro-de-Madrid3-300x240.png\" alt=\"Diada de Sant Jordi 2022\" width=\"300\" height=\"240\" srcset=\"https:\/\/xaviforcadell.com\/wp-content\/uploads\/2022\/10\/Feria-del-Libro-de-Madrid3-300x240.png 300w, https:\/\/xaviforcadell.com\/wp-content\/uploads\/2022\/10\/Feria-del-Libro-de-Madrid3-600x480.png 600w, https:\/\/xaviforcadell.com\/wp-content\/uploads\/2022\/10\/Feria-del-Libro-de-Madrid3-1024x819.png 1024w, https:\/\/xaviforcadell.com\/wp-content\/uploads\/2022\/10\/Feria-del-Libro-de-Madrid3-768x614.png 768w, https:\/\/xaviforcadell.com\/wp-content\/uploads\/2022\/10\/Feria-del-Libro-de-Madrid3-1536x1229.png 1536w, https:\/\/xaviforcadell.com\/wp-content\/uploads\/2022\/10\/Feria-del-Libro-de-Madrid3.png 2000w\" sizes=\"(max-width: 300px) 100vw, 300px\" \/><\/p>\n<h4><\/h4>\n<h4>\u00a1Y as\u00ed, podr\u00e1s disfrutar explic\u00e1ndolo y haci\u00e9ndoles vibrar con su historia que enamora a peque\u00f1os y mayores!<\/h4>\n<p>&nbsp;<\/p>\n<h4><strong>Te comparto las <span style=\"color: #ff0000;\">OPINIONES<\/span> de las personas que han visto el contenido de esta formaci\u00f3n:<\/strong><\/h4>\n<ul>\n<li>\n<h4><em><strong>&#8220;Te da otra forma de vivir y transmitir un cuento infantil.&#8221;<\/strong><\/em><\/h4>\n<\/li>\n<li>\n<h4><em><strong>&#8220;Me gust\u00f3 la sesi\u00f3n. Todo bien anotado para poner en pr\u00e1ctica.&#8221;<\/strong><\/em><\/h4>\n<\/li>\n<li>\n<h4><em><strong>&#8220;Se han explicado de forma vivencial y directa maneras de captar la atenci\u00f3n de los ni\u00f1os.&#8221;<\/strong><\/em><\/h4>\n<\/li>\n<li>\n<h4><em><strong>&#8220;Es necesaria para tener otro punto de vista como docente o familia.&#8221;<\/strong><\/em><\/h4>\n<\/li>\n<li>\n<h4><em><strong>&#8220;Nos has hecho recordar que el tiempo o curr\u00edculum del colegio a veces deja de lado.&#8221;<\/strong><\/em><\/h4>\n<\/li>\n<li>\n<h4><em><strong>&#8220;Me gust\u00f3 mucho, adem\u00e1s, que se pueden trabajar muchas emociones y temas como el bullying.&#8221;<\/strong><\/em><\/h4>\n<\/li>\n<li>\n<h4><em><strong>&#8220;Vale mucho la pena hacerla, la recomendar\u00e9 al 100%.&#8221;<\/strong><\/em><\/h4>\n<\/li>\n<\/ul>\n<h4><strong>\u00a0<\/strong><\/h4>\n<h4><strong>Puedes elegir la opci\u00f3n que m\u00e1s te interese:<\/strong><\/h4>\n<ol>\n<li>\n<h4><em><strong>S\u00f3lo formaci\u00f3n: 35\u20ac (clica <a href=\"https:\/\/xaviforcadell.com\/producte\/el-conte-infantil-una-eina-que-ajuda-a-expresar-les-emocions-formacio\/\">aqu\u00ed<\/a>)<\/strong><\/em><\/h4>\n<\/li>\n<li>\n<h4><em><strong>Formaci\u00f3n + Cuento dedicado y en tu domicilio: 45\u20ac (clica <a href=\"https:\/\/xaviforcadell.com\/producte\/el-conte-infantil-una-eina-que-ajuda-a-expresar-les-emocions\/\">aqu\u00ed<\/a>)<\/strong><\/em><\/h4>\n<\/li>\n<\/ol>\n<h4><strong>\u00a0<\/strong><\/h4>\n<h2 style=\"text-align: center;\"><span style=\"color: #ff0000;\"><em><strong>\u00a1Hagamos que los ni\u00f1os y ni\u00f1as disfruten y se emocionen con los cuentos infantiles!<\/strong><\/em><\/span><\/h2>\n<p>&nbsp;<\/p>\n<p><img loading=\"lazy\" decoding=\"async\" class=\"wp-image-24709 aligncenter\" src=\"https:\/\/xaviforcadell.com\/wp-content\/uploads\/2022\/10\/Contacontes-Cranc-Juganer5-300x300.jpg\" alt=\"Cuentacuentos Cangrejo Juguet\u00f3n\" width=\"423\" height=\"423\" srcset=\"https:\/\/xaviforcadell.com\/wp-content\/uploads\/2022\/10\/Contacontes-Cranc-Juganer5-300x300.jpg 300w, https:\/\/xaviforcadell.com\/wp-content\/uploads\/2022\/10\/Contacontes-Cranc-Juganer5-100x100.jpg 100w, https:\/\/xaviforcadell.com\/wp-content\/uploads\/2022\/10\/Contacontes-Cranc-Juganer5-600x600.jpg 600w, https:\/\/xaviforcadell.com\/wp-content\/uploads\/2022\/10\/Contacontes-Cranc-Juganer5-1024x1024.jpg 1024w, https:\/\/xaviforcadell.com\/wp-content\/uploads\/2022\/10\/Contacontes-Cranc-Juganer5-150x150.jpg 150w, https:\/\/xaviforcadell.com\/wp-content\/uploads\/2022\/10\/Contacontes-Cranc-Juganer5-768x768.jpg 768w, https:\/\/xaviforcadell.com\/wp-content\/uploads\/2022\/10\/Contacontes-Cranc-Juganer5.jpg 1440w\" sizes=\"(max-width: 423px) 100vw, 423px\" \/><\/p>\n<p>&nbsp;<\/p>\n<p>* Domicilios situados en la Pen\u00ednsula Ib\u00e9rica e Islas Baleares.<\/p>\n","protected":false},"excerpt":{"rendered":"<ul>\n<li>\n<h5><strong>\u00bfTe encantan los CUENTOS INFANTILES?<\/strong><\/h5>\n<\/li>\n<li>\n<h5><strong>\u00bfQuieres tener m\u00e1s herramientas para utilizarlos y que te ayude a mejorar el desarrollo de los ni\u00f1os?<\/strong><\/h5>\n<\/li>\n<li>\n<h5><strong>\u00bfTe gustar\u00eda hacerles vibrar con sus historias?<\/strong><\/h5>\n<\/li>\n<li>\n<h5><strong>\u00bfDesear\u00edas tener estrategias para favorecer que expresen sus emociones?<\/strong><\/h5>\n<\/li>\n<li>\n<h5><strong>\u00bfTe encantar\u00eda saber como ayudar a los ni\u00f1os a hacerlos reflexionar sobre su contenido?<\/strong><\/h5>\n<\/li>\n<\/ul>\n<h5><strong>\u00a0<\/strong><\/h5>\n<h5><strong>Si es as\u00ed, est\u00e1s de enhorabuena, porque en esta formaci\u00f3n descubrir\u00e1s las estrategias para conseguirlo y como llevarlas a la pr\u00e1ctica.\u00a0<\/strong><\/h5>\n<p>&nbsp;<\/p>\n<h5><strong>Ya que adem\u00e1s de explic\u00e1rtelas, podr\u00e1s ver sus beneficios y como realizarlas en el CUENTACUENTOS que encontrar\u00e1s en la parte final de la formaci\u00f3n.<\/strong><\/h5>\n<h5><\/h5>\n<h5><strong>\u00a1Descubre todo lo que te espera <\/strong><strong>debajo de esta p\u00e1gina<\/strong><strong>!<\/strong><\/h5>\n","protected":false},"featured_media":25026,"template":"","meta":{"site-sidebar-layout":"default","site-content-layout":"default","ast-site-content-layout":"default","site-content-style":"default","site-sidebar-style":"default","ast-global-header-display":"","ast-banner-title-visibility":"","ast-main-header-display":"","ast-hfb-above-header-display":"","ast-hfb-below-header-display":"","ast-hfb-mobile-header-display":"","site-post-title":"","ast-breadcrumbs-content":"","ast-featured-img":"","footer-sml-layout":"","theme-transparent-header-meta":"default","adv-header-id-meta":"","stick-header-meta":"default","header-above-stick-meta":"","header-main-stick-meta":"","header-below-stick-meta":"","astra-migrate-meta-layouts":"default","ast-page-background-enabled":"default","ast-page-background-meta":{"desktop":{"background-color":"var(--ast-global-color-4)","background-image":"","background-repeat":"repeat","background-position":"center center","background-size":"auto","background-attachment":"scroll","background-type":"","background-media":"","overlay-type":"","overlay-color":"","overlay-opacity":"","overlay-gradient":""},"tablet":{"background-color":"","background-image":"","background-repeat":"repeat","background-position":"center center","background-size":"auto","background-attachment":"scroll","background-type":"","background-media":"","overlay-type":"","overlay-color":"","overlay-opacity":"","overlay-gradient":""},"mobile":{"background-color":"","background-image":"","background-repeat":"repeat","background-position":"center center","background-size":"auto","background-attachment":"scroll","background-type":"","background-media":"","overlay-type":"","overlay-color":"","overlay-opacity":"","overlay-gradient":""}},"ast-content-background-meta":{"desktop":{"background-color":"var(--ast-global-color-5)","background-image":"","background-repeat":"repeat","background-position":"center center","background-size":"auto","background-attachment":"scroll","background-type":"","background-media":"","overlay-type":"","overlay-color":"","overlay-opacity":"","overlay-gradient":""},"tablet":{"background-color":"var(--ast-global-color-5)","background-image":"","background-repeat":"repeat","background-position":"center center","background-size":"auto","background-attachment":"scroll","background-type":"","background-media":"","overlay-type":"","overlay-color":"","overlay-opacity":"","overlay-gradient":""},"mobile":{"background-color":"var(--ast-global-color-5)","background-image":"","background-repeat":"repeat","background-position":"center center","background-size":"auto","background-attachment":"scroll","background-type":"","background-media":"","overlay-type":"","overlay-color":"","overlay-opacity":"","overlay-gradient":""}}},"product_brand":[],"product_cat":[50],"product_tag":[],"class_list":{"0":"post-24407","1":"product","2":"type-product","3":"status-publish","4":"has-post-thumbnail","6":"product_cat-cursos-es","7":"desktop-align-left","8":"tablet-align-left","9":"mobile-align-left","10":"ast-product-gallery-layout-horizontal-slider","11":"ast-product-gallery-with-no-image","12":"ast-product-tabs-layout-horizontal","14":"first","15":"instock","16":"virtual","17":"taxable","18":"purchasable","19":"product-type-simple"},"yoast_head":"<!-- This site is optimized with the Yoast SEO plugin v25.5 - https:\/\/yoast.com\/wordpress\/plugins\/seo\/ -->\n<title>El Cuento Infantil: una herramienta para favorecer la expresi\u00f3n de las emociones<\/title>\n<meta name=\"robots\" content=\"index, follow, max-snippet:-1, max-image-preview:large, max-video-preview:-1\" \/>\n<link rel=\"canonical\" href=\"https:\/\/xaviforcadell.com\/es\/producto\/el-cuento-infantil-una-herramienta-para-favorecer-la-expresion-de-las-emociones\/\" \/>\n<meta property=\"og:locale\" content=\"es_ES\" \/>\n<meta property=\"og:type\" content=\"article\" \/>\n<meta property=\"og:title\" content=\"El Cuento Infantil: una herramienta para favorecer la expresi\u00f3n de las emociones\" \/>\n<meta property=\"og:description\" content=\"\u00bfTe encantan los CUENTOS INFANTILES?    \u00bfQuieres tener m\u00e1s herramientas para utilizarlos y que te ayude a mejorar el desarrollo de los ni\u00f1os?    \u00bfTe gustar\u00eda hacerles vibrar con sus historias?    \u00bfDesear\u00edas tener estrategias para favorecer que expresen sus emociones?    \u00bfTe encantar\u00eda saber como ayudar a los ni\u00f1os a hacerlos reflexionar sobre su contenido?   \u00a0 Si es as\u00ed, est\u00e1s de enhorabuena, porque en esta formaci\u00f3n descubrir\u00e1s las estrategias para conseguirlo y como llevarlas a la pr\u00e1ctica.\u00a0 &nbsp; Ya que adem\u00e1s de explic\u00e1rtelas, podr\u00e1s ver sus beneficios y como realizarlas en el CUENTACUENTOS que encontrar\u00e1s en la parte final de la formaci\u00f3n.  \u00a1Descubre todo lo que te espera debajo de esta p\u00e1gina!\" \/>\n<meta property=\"og:url\" content=\"https:\/\/xaviforcadell.com\/es\/producto\/el-cuento-infantil-una-herramienta-para-favorecer-la-expresion-de-las-emociones\/\" \/>\n<meta property=\"og:site_name\" content=\"Escola Eduquem per Cr&eacute;ixer\" \/>\n<meta property=\"article:publisher\" content=\"https:\/\/www.facebook.com\/drxaviforcadell\" \/>\n<meta property=\"article:modified_time\" content=\"2024-03-16T11:41:32+00:00\" \/>\n<meta property=\"og:image\" content=\"https:\/\/xaviforcadell.com\/wp-content\/uploads\/2021\/10\/El-Conte-Infantil.png\" \/>\n\t<meta property=\"og:image:width\" content=\"1080\" \/>\n\t<meta property=\"og:image:height\" content=\"1080\" \/>\n\t<meta property=\"og:image:type\" content=\"image\/png\" \/>\n<meta name=\"twitter:card\" content=\"summary_large_image\" \/>\n<meta name=\"twitter:site\" content=\"@drxaviforcadell\" \/>\n<meta name=\"twitter:label1\" content=\"Tiempo de lectura\" \/>\n\t<meta name=\"twitter:data1\" content=\"3 minutos\" \/>\n<script type=\"application\/ld+json\" class=\"yoast-schema-graph\">{\"@context\":\"https:\/\/schema.org\",\"@graph\":[{\"@type\":\"WebPage\",\"@id\":\"https:\/\/xaviforcadell.com\/es\/producto\/el-cuento-infantil-una-herramienta-para-favorecer-la-expresion-de-las-emociones\/\",\"url\":\"https:\/\/xaviforcadell.com\/es\/producto\/el-cuento-infantil-una-herramienta-para-favorecer-la-expresion-de-las-emociones\/\",\"name\":\"El Cuento Infantil: una herramienta para favorecer la expresi\u00f3n de las emociones\",\"isPartOf\":{\"@id\":\"https:\/\/xaviforcadell.com\/#website\"},\"primaryImageOfPage\":{\"@id\":\"https:\/\/xaviforcadell.com\/es\/producto\/el-cuento-infantil-una-herramienta-para-favorecer-la-expresion-de-las-emociones\/#primaryimage\"},\"image\":{\"@id\":\"https:\/\/xaviforcadell.com\/es\/producto\/el-cuento-infantil-una-herramienta-para-favorecer-la-expresion-de-las-emociones\/#primaryimage\"},\"thumbnailUrl\":\"https:\/\/xaviforcadell.com\/wp-content\/uploads\/2021\/10\/El-Conte-Infantil.png\",\"datePublished\":\"2022-10-30T16:08:14+00:00\",\"dateModified\":\"2024-03-16T11:41:32+00:00\",\"breadcrumb\":{\"@id\":\"https:\/\/xaviforcadell.com\/es\/producto\/el-cuento-infantil-una-herramienta-para-favorecer-la-expresion-de-las-emociones\/#breadcrumb\"},\"inLanguage\":\"es\",\"potentialAction\":[{\"@type\":\"ReadAction\",\"target\":[\"https:\/\/xaviforcadell.com\/es\/producto\/el-cuento-infantil-una-herramienta-para-favorecer-la-expresion-de-las-emociones\/\"]}]},{\"@type\":\"ImageObject\",\"inLanguage\":\"es\",\"@id\":\"https:\/\/xaviforcadell.com\/es\/producto\/el-cuento-infantil-una-herramienta-para-favorecer-la-expresion-de-las-emociones\/#primaryimage\",\"url\":\"https:\/\/xaviforcadell.com\/wp-content\/uploads\/2021\/10\/El-Conte-Infantil.png\",\"contentUrl\":\"https:\/\/xaviforcadell.com\/wp-content\/uploads\/2021\/10\/El-Conte-Infantil.png\",\"width\":1080,\"height\":1080,\"caption\":\"Formaci\u00f3n El Cuento Infantil\"},{\"@type\":\"BreadcrumbList\",\"@id\":\"https:\/\/xaviforcadell.com\/es\/producto\/el-cuento-infantil-una-herramienta-para-favorecer-la-expresion-de-las-emociones\/#breadcrumb\",\"itemListElement\":[{\"@type\":\"ListItem\",\"position\":1,\"name\":\"Portada\",\"item\":\"https:\/\/xaviforcadell.com\/es\/\"},{\"@type\":\"ListItem\",\"position\":2,\"name\":\"Tienda\",\"item\":\"https:\/\/xaviforcadell.com\/es\/pedido-librerias\/\"},{\"@type\":\"ListItem\",\"position\":3,\"name\":\"El Cuento Infantil: una herramienta para favorecer la expresi\u00f3n de las emociones\"}]},{\"@type\":\"WebSite\",\"@id\":\"https:\/\/xaviforcadell.com\/#website\",\"url\":\"https:\/\/xaviforcadell.com\/\",\"name\":\"Escola Eduquem per Cr&eacute;ixer\",\"description\":\"\",\"publisher\":{\"@id\":\"https:\/\/xaviforcadell.com\/#organization\"},\"potentialAction\":[{\"@type\":\"SearchAction\",\"target\":{\"@type\":\"EntryPoint\",\"urlTemplate\":\"https:\/\/xaviforcadell.com\/?s={search_term_string}\"},\"query-input\":{\"@type\":\"PropertyValueSpecification\",\"valueRequired\":true,\"valueName\":\"search_term_string\"}}],\"inLanguage\":\"es\"},{\"@type\":\"Organization\",\"@id\":\"https:\/\/xaviforcadell.com\/#organization\",\"name\":\"Escola Eduquem Per Cr\u00e9ixer\",\"url\":\"https:\/\/xaviforcadell.com\/\",\"logo\":{\"@type\":\"ImageObject\",\"inLanguage\":\"es\",\"@id\":\"https:\/\/xaviforcadell.com\/#\/schema\/logo\/image\/\",\"url\":\"https:\/\/xaviforcadell.com\/wp-content\/uploads\/2021\/05\/Escola-Xavi-Forcadell-logo-250px.png\",\"contentUrl\":\"https:\/\/xaviforcadell.com\/wp-content\/uploads\/2021\/05\/Escola-Xavi-Forcadell-logo-250px.png\",\"width\":250,\"height\":250,\"caption\":\"Escola Eduquem Per Cr\u00e9ixer\"},\"image\":{\"@id\":\"https:\/\/xaviforcadell.com\/#\/schema\/logo\/image\/\"},\"sameAs\":[\"https:\/\/www.facebook.com\/drxaviforcadell\",\"https:\/\/x.com\/drxaviforcadell\",\"https:\/\/www.instagram.com\/xaviforcadell\",\"https:\/\/www.linkedin.com\/in\/xavi-forcadell\",\"https:\/\/www.youtube.com\/c\/xaviforcadell\"]}]}<\/script>\n<!-- \/ Yoast SEO plugin. -->","yoast_head_json":{"title":"El Cuento Infantil: una herramienta para favorecer la expresi\u00f3n de las emociones","robots":{"index":"index","follow":"follow","max-snippet":"max-snippet:-1","max-image-preview":"max-image-preview:large","max-video-preview":"max-video-preview:-1"},"canonical":"https:\/\/xaviforcadell.com\/es\/producto\/el-cuento-infantil-una-herramienta-para-favorecer-la-expresion-de-las-emociones\/","og_locale":"es_ES","og_type":"article","og_title":"El Cuento Infantil: una herramienta para favorecer la expresi\u00f3n de las emociones","og_description":"\u00bfTe encantan los CUENTOS INFANTILES?    \u00bfQuieres tener m\u00e1s herramientas para utilizarlos y que te ayude a mejorar el desarrollo de los ni\u00f1os?    \u00bfTe gustar\u00eda hacerles vibrar con sus historias?    \u00bfDesear\u00edas tener estrategias para favorecer que expresen sus emociones?    \u00bfTe encantar\u00eda saber como ayudar a los ni\u00f1os a hacerlos reflexionar sobre su contenido?   \u00a0 Si es as\u00ed, est\u00e1s de enhorabuena, porque en esta formaci\u00f3n descubrir\u00e1s las estrategias para conseguirlo y como llevarlas a la pr\u00e1ctica.\u00a0 &nbsp; Ya que adem\u00e1s de explic\u00e1rtelas, podr\u00e1s ver sus beneficios y como realizarlas en el CUENTACUENTOS que encontrar\u00e1s en la parte final de la formaci\u00f3n.  \u00a1Descubre todo lo que te espera debajo de esta p\u00e1gina!","og_url":"https:\/\/xaviforcadell.com\/es\/producto\/el-cuento-infantil-una-herramienta-para-favorecer-la-expresion-de-las-emociones\/","og_site_name":"Escola Eduquem per Cr&eacute;ixer","article_publisher":"https:\/\/www.facebook.com\/drxaviforcadell","article_modified_time":"2024-03-16T11:41:32+00:00","og_image":[{"width":1080,"height":1080,"url":"https:\/\/xaviforcadell.com\/wp-content\/uploads\/2021\/10\/El-Conte-Infantil.png","type":"image\/png"}],"twitter_card":"summary_large_image","twitter_site":"@drxaviforcadell","twitter_misc":{"Tiempo de lectura":"3 minutos"},"schema":{"@context":"https:\/\/schema.org","@graph":[{"@type":"WebPage","@id":"https:\/\/xaviforcadell.com\/es\/producto\/el-cuento-infantil-una-herramienta-para-favorecer-la-expresion-de-las-emociones\/","url":"https:\/\/xaviforcadell.com\/es\/producto\/el-cuento-infantil-una-herramienta-para-favorecer-la-expresion-de-las-emociones\/","name":"El Cuento Infantil: una herramienta para favorecer la expresi\u00f3n de las emociones","isPartOf":{"@id":"https:\/\/xaviforcadell.com\/#website"},"primaryImageOfPage":{"@id":"https:\/\/xaviforcadell.com\/es\/producto\/el-cuento-infantil-una-herramienta-para-favorecer-la-expresion-de-las-emociones\/#primaryimage"},"image":{"@id":"https:\/\/xaviforcadell.com\/es\/producto\/el-cuento-infantil-una-herramienta-para-favorecer-la-expresion-de-las-emociones\/#primaryimage"},"thumbnailUrl":"https:\/\/xaviforcadell.com\/wp-content\/uploads\/2021\/10\/El-Conte-Infantil.png","datePublished":"2022-10-30T16:08:14+00:00","dateModified":"2024-03-16T11:41:32+00:00","breadcrumb":{"@id":"https:\/\/xaviforcadell.com\/es\/producto\/el-cuento-infantil-una-herramienta-para-favorecer-la-expresion-de-las-emociones\/#breadcrumb"},"inLanguage":"es","potentialAction":[{"@type":"ReadAction","target":["https:\/\/xaviforcadell.com\/es\/producto\/el-cuento-infantil-una-herramienta-para-favorecer-la-expresion-de-las-emociones\/"]}]},{"@type":"ImageObject","inLanguage":"es","@id":"https:\/\/xaviforcadell.com\/es\/producto\/el-cuento-infantil-una-herramienta-para-favorecer-la-expresion-de-las-emociones\/#primaryimage","url":"https:\/\/xaviforcadell.com\/wp-content\/uploads\/2021\/10\/El-Conte-Infantil.png","contentUrl":"https:\/\/xaviforcadell.com\/wp-content\/uploads\/2021\/10\/El-Conte-Infantil.png","width":1080,"height":1080,"caption":"Formaci\u00f3n El Cuento Infantil"},{"@type":"BreadcrumbList","@id":"https:\/\/xaviforcadell.com\/es\/producto\/el-cuento-infantil-una-herramienta-para-favorecer-la-expresion-de-las-emociones\/#breadcrumb","itemListElement":[{"@type":"ListItem","position":1,"name":"Portada","item":"https:\/\/xaviforcadell.com\/es\/"},{"@type":"ListItem","position":2,"name":"Tienda","item":"https:\/\/xaviforcadell.com\/es\/pedido-librerias\/"},{"@type":"ListItem","position":3,"name":"El Cuento Infantil: una herramienta para favorecer la expresi\u00f3n de las emociones"}]},{"@type":"WebSite","@id":"https:\/\/xaviforcadell.com\/#website","url":"https:\/\/xaviforcadell.com\/","name":"Escola Eduquem per Cr&eacute;ixer","description":"","publisher":{"@id":"https:\/\/xaviforcadell.com\/#organization"},"potentialAction":[{"@type":"SearchAction","target":{"@type":"EntryPoint","urlTemplate":"https:\/\/xaviforcadell.com\/?s={search_term_string}"},"query-input":{"@type":"PropertyValueSpecification","valueRequired":true,"valueName":"search_term_string"}}],"inLanguage":"es"},{"@type":"Organization","@id":"https:\/\/xaviforcadell.com\/#organization","name":"Escola Eduquem Per Cr\u00e9ixer","url":"https:\/\/xaviforcadell.com\/","logo":{"@type":"ImageObject","inLanguage":"es","@id":"https:\/\/xaviforcadell.com\/#\/schema\/logo\/image\/","url":"https:\/\/xaviforcadell.com\/wp-content\/uploads\/2021\/05\/Escola-Xavi-Forcadell-logo-250px.png","contentUrl":"https:\/\/xaviforcadell.com\/wp-content\/uploads\/2021\/05\/Escola-Xavi-Forcadell-logo-250px.png","width":250,"height":250,"caption":"Escola Eduquem Per Cr\u00e9ixer"},"image":{"@id":"https:\/\/xaviforcadell.com\/#\/schema\/logo\/image\/"},"sameAs":["https:\/\/www.facebook.com\/drxaviforcadell","https:\/\/x.com\/drxaviforcadell","https:\/\/www.instagram.com\/xaviforcadell","https:\/\/www.linkedin.com\/in\/xavi-forcadell","https:\/\/www.youtube.com\/c\/xaviforcadell"]}]}},"_links":{"self":[{"href":"https:\/\/xaviforcadell.com\/es\/wp-json\/wp\/v2\/product\/24407","targetHints":{"allow":["GET"]}}],"collection":[{"href":"https:\/\/xaviforcadell.com\/es\/wp-json\/wp\/v2\/product"}],"about":[{"href":"https:\/\/xaviforcadell.com\/es\/wp-json\/wp\/v2\/types\/product"}],"wp:featuredmedia":[{"embeddable":true,"href":"https:\/\/xaviforcadell.com\/es\/wp-json\/wp\/v2\/media\/25026"}],"wp:attachment":[{"href":"https:\/\/xaviforcadell.com\/es\/wp-json\/wp\/v2\/media?parent=24407"}],"wp:term":[{"taxonomy":"product_brand","embeddable":true,"href":"https:\/\/xaviforcadell.com\/es\/wp-json\/wp\/v2\/product_brand?post=24407"},{"taxonomy":"product_cat","embeddable":true,"href":"https:\/\/xaviforcadell.com\/es\/wp-json\/wp\/v2\/product_cat?post=24407"},{"taxonomy":"product_tag","embeddable":true,"href":"https:\/\/xaviforcadell.com\/es\/wp-json\/wp\/v2\/product_tag?post=24407"}],"curies":[{"name":"wp","href":"https:\/\/api.w.org\/{rel}","templated":true}]}}