{"id":24408,"date":"2022-10-11T19:36:41","date_gmt":"2022-10-11T17:36:41","guid":{"rendered":"https:\/\/xaviforcadell.com\/producto\/la-resolucion-de-los-conflictos-con-los-ninos\/"},"modified":"2024-11-30T06:52:19","modified_gmt":"2024-11-30T04:52:19","slug":"la-resolucion-de-los-conflictos-con-los-ninos","status":"publish","type":"product","link":"https:\/\/xaviforcadell.com\/es\/producto\/la-resolucion-de-los-conflictos-con-los-ninos\/","title":{"rendered":"La resoluci\u00f3n de los conflictos"},"content":{"rendered":"","protected":false},"excerpt":{"rendered":"<blockquote><p>&nbsp;<\/p><\/blockquote>\n<p>A trav\u00e9s de su <strong>contenido<\/strong>, descubrir\u00e1s:<\/p>\n<ul>\n<li><strong><em>De qu\u00e9 forma reducir el n\u00famero de conflictos.<\/em><\/strong><\/li>\n<li><strong><em>Como gestionarlos de manera asertiva.<\/em><\/strong><\/li>\n<li><strong><em>Qu\u00e9 papel tener como adulto durante el conflicto para favorecer que cambie su actitud.<\/em><\/strong><\/li>\n<li><strong><em>Qu\u00e9 estrategias llevar a la pr\u00e1ctica para favorecer una mejor relaci\u00f3n.<\/em><\/strong><\/li>\n<\/ul>\n<p>Ya ver\u00e1s que me centro en <strong>ejemplos que vivimos en nuestro d\u00eda a d\u00eda<\/strong>, que <strong>te ayudaran a ser consciente de las diferentes formas de actuaci\u00f3n<\/strong> para que veas las que son m\u00e1s adecuadas en cada situaci\u00f3n.<\/p>\n<p>Como as\u00ed expresan las personas que la han visto:<\/p>\n<ul>\n<li><strong><em>&#8220;Me ha sorprendido la facilidad comprensible de las diferentes situaciones de resoluci\u00f3n de conflictos.&#8221;<\/em><\/strong><\/li>\n<li><strong><em>&#8220;Ha sido un curso y una conferencia fant\u00e1stica, llena de humor y de referencias cercanas para entender mejor el contenido de resoluci\u00f3n de conflictos.&#8221;<\/em><\/strong><\/li>\n<li><strong><em>&#8220;No es una conferencia meramente explicativa y expositora de contenidos. Las preguntas que vas diciendo permiten reflexionar sobre la propia pr\u00e1ctica y ser consciente de los errores que hacemos para poder cambiarlos y mejorarlos.&#8221;<\/em><\/strong><\/li>\n<\/ul>\n<p><em><strong>Destinatarios:<\/strong><\/em> docentes y familias de ni\u00f1os y adolescentes.<\/p>\n<p><strong><em>Duraci\u00f3n:<\/em><\/strong> m\u00e1s de 90 minutos de contenido pr\u00e1ctico.<\/p>\n<p><em><strong>Idioma:<\/strong><\/em> catal\u00e1n.<\/p>\n<p>Adem\u00e1s, <strong>encontrar\u00e1s una<\/strong> <strong>gu\u00eda<\/strong> que te ayudar\u00e1 a reflexionar, comprender y <strong>aplicar su contenido en tu pr\u00e1ctica<\/strong>.<\/p>\n<p>Y al final, tendr\u00e1s <strong>m\u00e1s recursos<\/strong>, para que tengas m\u00e1s herramientas que te ayuden en esta tarea preciosa que es <strong>Educar<\/strong>.<\/p>\n","protected":false},"featured_media":27837,"template":"","meta":{"site-sidebar-layout":"default","site-content-layout":"default","ast-site-content-layout":"default","site-content-style":"default","site-sidebar-style":"default","ast-global-header-display":"","ast-banner-title-visibility":"","ast-main-header-display":"","ast-hfb-above-header-display":"","ast-hfb-below-header-display":"","ast-hfb-mobile-header-display":"","site-post-title":"","ast-breadcrumbs-content":"","ast-featured-img":"","footer-sml-layout":"","theme-transparent-header-meta":"default","adv-header-id-meta":"","stick-header-meta":"default","header-above-stick-meta":"","header-main-stick-meta":"","header-below-stick-meta":"","astra-migrate-meta-layouts":"default","ast-page-background-enabled":"default","ast-page-background-meta":{"desktop":{"background-color":"var(--ast-global-color-4)","background-image":"","background-repeat":"repeat","background-position":"center center","background-size":"auto","background-attachment":"scroll","background-type":"","background-media":"","overlay-type":"","overlay-color":"","overlay-opacity":"","overlay-gradient":""},"tablet":{"background-color":"","background-image":"","background-repeat":"repeat","background-position":"center center","background-size":"auto","background-attachment":"scroll","background-type":"","background-media":"","overlay-type":"","overlay-color":"","overlay-opacity":"","overlay-gradient":""},"mobile":{"background-color":"","background-image":"","background-repeat":"repeat","background-position":"center center","background-size":"auto","background-attachment":"scroll","background-type":"","background-media":"","overlay-type":"","overlay-color":"","overlay-opacity":"","overlay-gradient":""}},"ast-content-background-meta":{"desktop":{"background-color":"var(--ast-global-color-5)","background-image":"","background-repeat":"repeat","background-position":"center center","background-size":"auto","background-attachment":"scroll","background-type":"","background-media":"","overlay-type":"","overlay-color":"","overlay-opacity":"","overlay-gradient":""},"tablet":{"background-color":"var(--ast-global-color-5)","background-image":"","background-repeat":"repeat","background-position":"center center","background-size":"auto","background-attachment":"scroll","background-type":"","background-media":"","overlay-type":"","overlay-color":"","overlay-opacity":"","overlay-gradient":""},"mobile":{"background-color":"var(--ast-global-color-5)","background-image":"","background-repeat":"repeat","background-position":"center center","background-size":"auto","background-attachment":"scroll","background-type":"","background-media":"","overlay-type":"","overlay-color":"","overlay-opacity":"","overlay-gradient":""}}},"product_brand":[],"product_cat":[50],"product_tag":[],"class_list":{"0":"post-24408","1":"product","2":"type-product","3":"status-publish","4":"has-post-thumbnail","6":"product_cat-cursos-es","7":"desktop-align-left","8":"tablet-align-left","9":"mobile-align-left","10":"ast-product-gallery-layout-horizontal-slider","11":"ast-product-gallery-with-no-image","12":"ast-product-tabs-layout-horizontal","14":"first","15":"instock","16":"virtual","17":"sold-individually","18":"taxable","19":"purchasable","20":"product-type-course"},"yoast_head":"<!-- This site is optimized with the Yoast SEO plugin v25.5 - https:\/\/yoast.com\/wordpress\/plugins\/seo\/ -->\n<title>La resoluci\u00f3n de los conflictos - Escola Eduquem per Cr&eacute;ixer<\/title>\n<meta name=\"robots\" content=\"index, follow, max-snippet:-1, max-image-preview:large, max-video-preview:-1\" \/>\n<link rel=\"canonical\" href=\"https:\/\/xaviforcadell.com\/es\/producto\/la-resolucion-de-los-conflictos-con-los-ninos\/\" \/>\n<meta property=\"og:locale\" content=\"es_ES\" \/>\n<meta property=\"og:type\" content=\"article\" \/>\n<meta property=\"og:title\" content=\"La resoluci\u00f3n de los conflictos - Escola Eduquem per Cr&eacute;ixer\" \/>\n<meta property=\"og:description\" content=\"&nbsp; A trav\u00e9s de su contenido, descubrir\u00e1s:   De qu\u00e9 forma reducir el n\u00famero de conflictos.  Como gestionarlos de manera asertiva.  Qu\u00e9 papel tener como adulto durante el conflicto para favorecer que cambie su actitud.  Qu\u00e9 estrategias llevar a la pr\u00e1ctica para favorecer una mejor relaci\u00f3n.  Ya ver\u00e1s que me centro en ejemplos que vivimos en nuestro d\u00eda a d\u00eda, que te ayudaran a ser consciente de las diferentes formas de actuaci\u00f3n para que veas las que son m\u00e1s adecuadas en cada situaci\u00f3n.  Como as\u00ed expresan las personas que la han visto:   &quot;Me ha sorprendido la facilidad comprensible de las diferentes situaciones de resoluci\u00f3n de conflictos.&quot;  &quot;Ha sido un curso y una conferencia fant\u00e1stica, llena de humor y de referencias cercanas para entender mejor el contenido de resoluci\u00f3n de conflictos.&quot;  &quot;No es una conferencia meramente explicativa y expositora de contenidos. Las preguntas que vas diciendo permiten reflexionar sobre la propia pr\u00e1ctica y ser consciente de los errores que hacemos para poder cambiarlos y mejorarlos.&quot;  Destinatarios: docentes y familias de ni\u00f1os y adolescentes.  Duraci\u00f3n: m\u00e1s de 90 minutos de contenido pr\u00e1ctico.  Idioma: catal\u00e1n.  Adem\u00e1s, encontrar\u00e1s una gu\u00eda que te ayudar\u00e1 a reflexionar, comprender y aplicar su contenido en tu pr\u00e1ctica.  Y al final, tendr\u00e1s m\u00e1s recursos, para que tengas m\u00e1s herramientas que te ayuden en esta tarea preciosa que es Educar.\" \/>\n<meta property=\"og:url\" content=\"https:\/\/xaviforcadell.com\/es\/producto\/la-resolucion-de-los-conflictos-con-los-ninos\/\" \/>\n<meta property=\"og:site_name\" content=\"Escola Eduquem per Cr&eacute;ixer\" \/>\n<meta property=\"article:publisher\" content=\"https:\/\/www.facebook.com\/drxaviforcadell\" \/>\n<meta property=\"article:modified_time\" content=\"2024-11-30T04:52:19+00:00\" \/>\n<meta property=\"og:image\" content=\"https:\/\/xaviforcadell.com\/wp-content\/uploads\/2022\/10\/Resoldre-Conflictes.png\" \/>\n\t<meta property=\"og:image:width\" content=\"1080\" \/>\n\t<meta property=\"og:image:height\" content=\"1080\" \/>\n\t<meta property=\"og:image:type\" content=\"image\/png\" \/>\n<meta name=\"twitter:card\" content=\"summary_large_image\" \/>\n<meta name=\"twitter:site\" content=\"@drxaviforcadell\" \/>\n<script type=\"application\/ld+json\" class=\"yoast-schema-graph\">{\"@context\":\"https:\/\/schema.org\",\"@graph\":[{\"@type\":\"WebPage\",\"@id\":\"https:\/\/xaviforcadell.com\/es\/producto\/la-resolucion-de-los-conflictos-con-los-ninos\/\",\"url\":\"https:\/\/xaviforcadell.com\/es\/producto\/la-resolucion-de-los-conflictos-con-los-ninos\/\",\"name\":\"La resoluci\u00f3n de los conflictos - Escola Eduquem per Cr&eacute;ixer\",\"isPartOf\":{\"@id\":\"https:\/\/xaviforcadell.com\/#website\"},\"primaryImageOfPage\":{\"@id\":\"https:\/\/xaviforcadell.com\/es\/producto\/la-resolucion-de-los-conflictos-con-los-ninos\/#primaryimage\"},\"image\":{\"@id\":\"https:\/\/xaviforcadell.com\/es\/producto\/la-resolucion-de-los-conflictos-con-los-ninos\/#primaryimage\"},\"thumbnailUrl\":\"https:\/\/xaviforcadell.com\/wp-content\/uploads\/2022\/10\/Resoldre-Conflictes.png\",\"datePublished\":\"2022-10-11T17:36:41+00:00\",\"dateModified\":\"2024-11-30T04:52:19+00:00\",\"breadcrumb\":{\"@id\":\"https:\/\/xaviforcadell.com\/es\/producto\/la-resolucion-de-los-conflictos-con-los-ninos\/#breadcrumb\"},\"inLanguage\":\"es\",\"potentialAction\":[{\"@type\":\"ReadAction\",\"target\":[\"https:\/\/xaviforcadell.com\/es\/producto\/la-resolucion-de-los-conflictos-con-los-ninos\/\"]}]},{\"@type\":\"ImageObject\",\"inLanguage\":\"es\",\"@id\":\"https:\/\/xaviforcadell.com\/es\/producto\/la-resolucion-de-los-conflictos-con-los-ninos\/#primaryimage\",\"url\":\"https:\/\/xaviforcadell.com\/wp-content\/uploads\/2022\/10\/Resoldre-Conflictes.png\",\"contentUrl\":\"https:\/\/xaviforcadell.com\/wp-content\/uploads\/2022\/10\/Resoldre-Conflictes.png\",\"width\":1080,\"height\":1080,\"caption\":\"Resoldre Conflictes\"},{\"@type\":\"BreadcrumbList\",\"@id\":\"https:\/\/xaviforcadell.com\/es\/producto\/la-resolucion-de-los-conflictos-con-los-ninos\/#breadcrumb\",\"itemListElement\":[{\"@type\":\"ListItem\",\"position\":1,\"name\":\"Portada\",\"item\":\"https:\/\/xaviforcadell.com\/es\/\"},{\"@type\":\"ListItem\",\"position\":2,\"name\":\"Tienda\",\"item\":\"https:\/\/xaviforcadell.com\/es\/pedido-librerias\/\"},{\"@type\":\"ListItem\",\"position\":3,\"name\":\"La resoluci\u00f3n de los conflictos\"}]},{\"@type\":\"WebSite\",\"@id\":\"https:\/\/xaviforcadell.com\/#website\",\"url\":\"https:\/\/xaviforcadell.com\/\",\"name\":\"Escola Eduquem per Cr&eacute;ixer\",\"description\":\"\",\"publisher\":{\"@id\":\"https:\/\/xaviforcadell.com\/#organization\"},\"potentialAction\":[{\"@type\":\"SearchAction\",\"target\":{\"@type\":\"EntryPoint\",\"urlTemplate\":\"https:\/\/xaviforcadell.com\/?s={search_term_string}\"},\"query-input\":{\"@type\":\"PropertyValueSpecification\",\"valueRequired\":true,\"valueName\":\"search_term_string\"}}],\"inLanguage\":\"es\"},{\"@type\":\"Organization\",\"@id\":\"https:\/\/xaviforcadell.com\/#organization\",\"name\":\"Escola Eduquem Per Cr\u00e9ixer\",\"url\":\"https:\/\/xaviforcadell.com\/\",\"logo\":{\"@type\":\"ImageObject\",\"inLanguage\":\"es\",\"@id\":\"https:\/\/xaviforcadell.com\/#\/schema\/logo\/image\/\",\"url\":\"https:\/\/xaviforcadell.com\/wp-content\/uploads\/2021\/05\/Escola-Xavi-Forcadell-logo-250px.png\",\"contentUrl\":\"https:\/\/xaviforcadell.com\/wp-content\/uploads\/2021\/05\/Escola-Xavi-Forcadell-logo-250px.png\",\"width\":250,\"height\":250,\"caption\":\"Escola Eduquem Per Cr\u00e9ixer\"},\"image\":{\"@id\":\"https:\/\/xaviforcadell.com\/#\/schema\/logo\/image\/\"},\"sameAs\":[\"https:\/\/www.facebook.com\/drxaviforcadell\",\"https:\/\/x.com\/drxaviforcadell\",\"https:\/\/www.instagram.com\/xaviforcadell\",\"https:\/\/www.linkedin.com\/in\/xavi-forcadell\",\"https:\/\/www.youtube.com\/c\/xaviforcadell\"]}]}<\/script>\n<!-- \/ Yoast SEO plugin. -->","yoast_head_json":{"title":"La resoluci\u00f3n de los conflictos - Escola Eduquem per Cr&eacute;ixer","robots":{"index":"index","follow":"follow","max-snippet":"max-snippet:-1","max-image-preview":"max-image-preview:large","max-video-preview":"max-video-preview:-1"},"canonical":"https:\/\/xaviforcadell.com\/es\/producto\/la-resolucion-de-los-conflictos-con-los-ninos\/","og_locale":"es_ES","og_type":"article","og_title":"La resoluci\u00f3n de los conflictos - Escola Eduquem per Cr&eacute;ixer","og_description":"&nbsp; A trav\u00e9s de su contenido, descubrir\u00e1s:   De qu\u00e9 forma reducir el n\u00famero de conflictos.  Como gestionarlos de manera asertiva.  Qu\u00e9 papel tener como adulto durante el conflicto para favorecer que cambie su actitud.  Qu\u00e9 estrategias llevar a la pr\u00e1ctica para favorecer una mejor relaci\u00f3n.  Ya ver\u00e1s que me centro en ejemplos que vivimos en nuestro d\u00eda a d\u00eda, que te ayudaran a ser consciente de las diferentes formas de actuaci\u00f3n para que veas las que son m\u00e1s adecuadas en cada situaci\u00f3n.  Como as\u00ed expresan las personas que la han visto:   \"Me ha sorprendido la facilidad comprensible de las diferentes situaciones de resoluci\u00f3n de conflictos.\"  \"Ha sido un curso y una conferencia fant\u00e1stica, llena de humor y de referencias cercanas para entender mejor el contenido de resoluci\u00f3n de conflictos.\"  \"No es una conferencia meramente explicativa y expositora de contenidos. Las preguntas que vas diciendo permiten reflexionar sobre la propia pr\u00e1ctica y ser consciente de los errores que hacemos para poder cambiarlos y mejorarlos.\"  Destinatarios: docentes y familias de ni\u00f1os y adolescentes.  Duraci\u00f3n: m\u00e1s de 90 minutos de contenido pr\u00e1ctico.  Idioma: catal\u00e1n.  Adem\u00e1s, encontrar\u00e1s una gu\u00eda que te ayudar\u00e1 a reflexionar, comprender y aplicar su contenido en tu pr\u00e1ctica.  Y al final, tendr\u00e1s m\u00e1s recursos, para que tengas m\u00e1s herramientas que te ayuden en esta tarea preciosa que es Educar.","og_url":"https:\/\/xaviforcadell.com\/es\/producto\/la-resolucion-de-los-conflictos-con-los-ninos\/","og_site_name":"Escola Eduquem per Cr&eacute;ixer","article_publisher":"https:\/\/www.facebook.com\/drxaviforcadell","article_modified_time":"2024-11-30T04:52:19+00:00","og_image":[{"width":1080,"height":1080,"url":"https:\/\/xaviforcadell.com\/wp-content\/uploads\/2022\/10\/Resoldre-Conflictes.png","type":"image\/png"}],"twitter_card":"summary_large_image","twitter_site":"@drxaviforcadell","schema":{"@context":"https:\/\/schema.org","@graph":[{"@type":"WebPage","@id":"https:\/\/xaviforcadell.com\/es\/producto\/la-resolucion-de-los-conflictos-con-los-ninos\/","url":"https:\/\/xaviforcadell.com\/es\/producto\/la-resolucion-de-los-conflictos-con-los-ninos\/","name":"La resoluci\u00f3n de los conflictos - Escola Eduquem per Cr&eacute;ixer","isPartOf":{"@id":"https:\/\/xaviforcadell.com\/#website"},"primaryImageOfPage":{"@id":"https:\/\/xaviforcadell.com\/es\/producto\/la-resolucion-de-los-conflictos-con-los-ninos\/#primaryimage"},"image":{"@id":"https:\/\/xaviforcadell.com\/es\/producto\/la-resolucion-de-los-conflictos-con-los-ninos\/#primaryimage"},"thumbnailUrl":"https:\/\/xaviforcadell.com\/wp-content\/uploads\/2022\/10\/Resoldre-Conflictes.png","datePublished":"2022-10-11T17:36:41+00:00","dateModified":"2024-11-30T04:52:19+00:00","breadcrumb":{"@id":"https:\/\/xaviforcadell.com\/es\/producto\/la-resolucion-de-los-conflictos-con-los-ninos\/#breadcrumb"},"inLanguage":"es","potentialAction":[{"@type":"ReadAction","target":["https:\/\/xaviforcadell.com\/es\/producto\/la-resolucion-de-los-conflictos-con-los-ninos\/"]}]},{"@type":"ImageObject","inLanguage":"es","@id":"https:\/\/xaviforcadell.com\/es\/producto\/la-resolucion-de-los-conflictos-con-los-ninos\/#primaryimage","url":"https:\/\/xaviforcadell.com\/wp-content\/uploads\/2022\/10\/Resoldre-Conflictes.png","contentUrl":"https:\/\/xaviforcadell.com\/wp-content\/uploads\/2022\/10\/Resoldre-Conflictes.png","width":1080,"height":1080,"caption":"Resoldre Conflictes"},{"@type":"BreadcrumbList","@id":"https:\/\/xaviforcadell.com\/es\/producto\/la-resolucion-de-los-conflictos-con-los-ninos\/#breadcrumb","itemListElement":[{"@type":"ListItem","position":1,"name":"Portada","item":"https:\/\/xaviforcadell.com\/es\/"},{"@type":"ListItem","position":2,"name":"Tienda","item":"https:\/\/xaviforcadell.com\/es\/pedido-librerias\/"},{"@type":"ListItem","position":3,"name":"La resoluci\u00f3n de los conflictos"}]},{"@type":"WebSite","@id":"https:\/\/xaviforcadell.com\/#website","url":"https:\/\/xaviforcadell.com\/","name":"Escola Eduquem per Cr&eacute;ixer","description":"","publisher":{"@id":"https:\/\/xaviforcadell.com\/#organization"},"potentialAction":[{"@type":"SearchAction","target":{"@type":"EntryPoint","urlTemplate":"https:\/\/xaviforcadell.com\/?s={search_term_string}"},"query-input":{"@type":"PropertyValueSpecification","valueRequired":true,"valueName":"search_term_string"}}],"inLanguage":"es"},{"@type":"Organization","@id":"https:\/\/xaviforcadell.com\/#organization","name":"Escola Eduquem Per Cr\u00e9ixer","url":"https:\/\/xaviforcadell.com\/","logo":{"@type":"ImageObject","inLanguage":"es","@id":"https:\/\/xaviforcadell.com\/#\/schema\/logo\/image\/","url":"https:\/\/xaviforcadell.com\/wp-content\/uploads\/2021\/05\/Escola-Xavi-Forcadell-logo-250px.png","contentUrl":"https:\/\/xaviforcadell.com\/wp-content\/uploads\/2021\/05\/Escola-Xavi-Forcadell-logo-250px.png","width":250,"height":250,"caption":"Escola Eduquem Per Cr\u00e9ixer"},"image":{"@id":"https:\/\/xaviforcadell.com\/#\/schema\/logo\/image\/"},"sameAs":["https:\/\/www.facebook.com\/drxaviforcadell","https:\/\/x.com\/drxaviforcadell","https:\/\/www.instagram.com\/xaviforcadell","https:\/\/www.linkedin.com\/in\/xavi-forcadell","https:\/\/www.youtube.com\/c\/xaviforcadell"]}]}},"_links":{"self":[{"href":"https:\/\/xaviforcadell.com\/es\/wp-json\/wp\/v2\/product\/24408","targetHints":{"allow":["GET"]}}],"collection":[{"href":"https:\/\/xaviforcadell.com\/es\/wp-json\/wp\/v2\/product"}],"about":[{"href":"https:\/\/xaviforcadell.com\/es\/wp-json\/wp\/v2\/types\/product"}],"wp:featuredmedia":[{"embeddable":true,"href":"https:\/\/xaviforcadell.com\/es\/wp-json\/wp\/v2\/media\/27837"}],"wp:attachment":[{"href":"https:\/\/xaviforcadell.com\/es\/wp-json\/wp\/v2\/media?parent=24408"}],"wp:term":[{"taxonomy":"product_brand","embeddable":true,"href":"https:\/\/xaviforcadell.com\/es\/wp-json\/wp\/v2\/product_brand?post=24408"},{"taxonomy":"product_cat","embeddable":true,"href":"https:\/\/xaviforcadell.com\/es\/wp-json\/wp\/v2\/product_cat?post=24408"},{"taxonomy":"product_tag","embeddable":true,"href":"https:\/\/xaviforcadell.com\/es\/wp-json\/wp\/v2\/product_tag?post=24408"}],"curies":[{"name":"wp","href":"https:\/\/api.w.org\/{rel}","templated":true}]}}